{"id":1428,"date":"2019-10-02T21:01:48","date_gmt":"2019-10-02T19:01:48","guid":{"rendered":"http:\/\/ravnoseloff.com\/?page_id=1428"},"modified":"2025-06-08T01:01:06","modified_gmt":"2025-06-07T23:01:06","slug":"rec-osnivaca","status":"publish","type":"page","link":"https:\/\/ravnoseloff.com\/en\/rec-osnivaca\/","title":{"rendered":"Founder\u2019s Story"},"content":{"rendered":"<div class=\"wpb-content-wrapper\"><div class=\"vc_row wpb_row vc_row-fluid\"><div class=\"wpb_column vc_column_container vc_col-sm-3\"><div class=\"vc_column-inner\"><div class=\"wpb_wrapper\">\n\t<div  class=\"wpb_single_image wpb_content_element vc_align_left\">\n\t\t\n\t\t<figure class=\"wpb_wrapper vc_figure\">\n\t\t\t<div class=\"vc_single_image-wrapper   vc_box_border_grey\"><img fetchpriority=\"high\" decoding=\"async\" width=\"260\" height=\"357\" src=\"https:\/\/ravnoseloff.com\/wp-content\/uploads\/2019\/10\/lazar-ristovski-ravno-selo-filmski-festival.jpg\" class=\"vc_single_image-img attachment-full\" alt=\"\" title=\"lazar-ristovski-ravno-selo-filmski-festival\" srcset=\"https:\/\/ravnoseloff.com\/wp-content\/uploads\/2019\/10\/lazar-ristovski-ravno-selo-filmski-festival.jpg 260w, https:\/\/ravnoseloff.com\/wp-content\/uploads\/2019\/10\/lazar-ristovski-ravno-selo-filmski-festival-218x300.jpg 218w\" sizes=\"(max-width: 260px) 100vw, 260px\" \/><\/div>\n\t\t<\/figure>\n\t<\/div>\n\n\t<div class=\"wpb_text_column wpb_content_element\" >\n\t\t<div class=\"wpb_wrapper\">\n\t\t\t<p><span style=\"color: #ffffff;\"><strong>Lazar Ristovski<\/strong><\/span><br \/>\n<span style=\"color: #ffde00;\">\/<em>Founder and Festival Director<\/em>\/<\/span><\/p>\n\n\t\t<\/div>\n\t<\/div>\n<\/div><\/div><\/div><div class=\"wpb_column vc_column_container vc_col-sm-9\"><div class=\"vc_column-inner\"><div class=\"wpb_wrapper\">\n\t<div class=\"wpb_text_column wpb_content_element\" >\n\t\t<div class=\"wpb_wrapper\">\n\t\t\t<p>After a long wait and a lot of hard work, I've finally managed to achieve my dream \u2013 the construction of a new Cultural Center in my beloved Ravno Selo. Thanks to the support we received from the President of the Provincial Government of Vojvodina, Mr. Igor Mirovi\u0107, our new Cultural Center is now a reality.<\/p>\n<p>Nakon osam godina od stra\u0161nog po\u017eara koji je uni\u0161tio prethodni dom, s ponosom mogu najaviti da \u0107e se ove godine, 2024., sve\u010dano otvoriti novo kulturno srce na\u0161eg sela.<\/p>\n<p>The new Cultural Center won't just host the seventh Ravno Selo Film Festival; it'll also provide better conditions for all future cultural activities, Ristovski explains. He adds that RSFF has become known for its original programs, great camaraderie, and the positive energy generated by both the filmmakers and the thousands of viewers who attend the screenings.<\/p>\n<p>Now, with all the resources at our disposal, we'll be able to offer a more extensive and higher-quality program that will satisfy all lovers of film, music, theater, and art in general. This is a great victory for our village and for all of us who believed in the power of culture to enrich our lives and community.<\/p>\n\n\t\t<\/div>\n\t<\/div>\n<\/div><\/div><\/div><\/div><div data-vc-full-width=\"true\" data-vc-full-width-init=\"false\" class=\"vc_row wpb_row vc_row-fluid vc_custom_1686307972121 vc_row-has-fill vc_row-o-content-middle vc_row-flex\"><div class=\"wpb_column vc_column_container vc_col-sm-12 vc_hidden-xs vc_col-has-fill\"><div class=\"vc_column-inner vc_custom_1570111477995\"><div class=\"wpb_wrapper\"><div class=\"vc_row wpb_row vc_inner vc_row-fluid vc_row-o-content-middle vc_row-flex\"><div class=\"wpb_column vc_column_container vc_col-sm-9\"><div class=\"vc_column-inner\"><div class=\"wpb_wrapper\">\n\t<div class=\"wpb_text_column wpb_content_element\" >\n\t\t<div class=\"wpb_wrapper\">\n\t\t\t<h4><span style=\"color: #000000;\">Films serve as a warning, offer support, provide comfort, and teach valuable lessons.<\/span><\/h4>\n<p><span style=\"color: #000000;\">This festival is significant because it brings people together, supports young talent, and brings cultural life to small places like ours. It makes culture accessible to everyone, not just the \"chosen few.\" Film makes you forget your problems for at least an hour or two, or helps you find solutions for them. It allows you to understand the most diverse human behaviors. In a sea of divisions, conflicts due to differences, judgments, and prejudices, I am proud to be part of a profession that largely has the noble intention to understand.<\/span><\/p>\n<p><span style=\"color: #000000;\">After some films, I've breathed more deeply, spoken with more zest. Film isn't just entertainment. I believe film's purpose is to encourage and illuminate this world, but equally, to touch upon uncomfortable topics to serve as a mirror for us \u2013 to see how much has accumulated within us, where we've strayed, where we're self-deceiving. Films are a warning, a support, an embrace, and a lesson. They can articulate our thoughts when we find it hard to think and speak. They can translate feelings we don't know how to explain, sometimes awakening something we didn't even know we could feel. That's the power of a good film.<\/span><\/p>\n\n\t\t<\/div>\n\t<\/div>\n<\/div><\/div><\/div><div class=\"wpb_column vc_column_container vc_col-sm-3\"><div class=\"vc_column-inner\"><div class=\"wpb_wrapper\">\n\t<div  class=\"wpb_single_image wpb_content_element vc_align_left\">\n\t\t\n\t\t<figure class=\"wpb_wrapper vc_figure\">\n\t\t\t<div class=\"vc_single_image-wrapper   vc_box_border_grey\"><img decoding=\"async\" width=\"260\" height=\"357\" data-src=\"https:\/\/ravnoseloff.com\/wp-content\/uploads\/2024\/06\/ana-lecic-lice-u-fokusu-ravno-selo-filmski-festival.jpg\" class=\"vc_single_image-img attachment-full lazyload\" alt=\"\" title=\"ana-lecic-lice-u-fokusu-ravno-selo-filmski-festival\" data-srcset=\"https:\/\/ravnoseloff.com\/wp-content\/uploads\/2024\/06\/ana-lecic-lice-u-fokusu-ravno-selo-filmski-festival.jpg 260w, https:\/\/ravnoseloff.com\/wp-content\/uploads\/2024\/06\/ana-lecic-lice-u-fokusu-ravno-selo-filmski-festival-218x300.jpg 218w, https:\/\/ravnoseloff.com\/wp-content\/uploads\/2024\/06\/ana-lecic-lice-u-fokusu-ravno-selo-filmski-festival-9x12.jpg 9w\" data-sizes=\"(max-width: 260px) 100vw, 260px\" src=\"data:image\/gif;base64,R0lGODlhAQABAAAAACH5BAEKAAEALAAAAAABAAEAAAICTAEAOw==\" style=\"--smush-placeholder-width: 260px; --smush-placeholder-aspect-ratio: 260\/357;\" \/><noscript><img decoding=\"async\" width=\"260\" height=\"357\" data-src=\"https:\/\/ravnoseloff.com\/wp-content\/uploads\/2024\/06\/ana-lecic-lice-u-fokusu-ravno-selo-filmski-festival.jpg\" class=\"vc_single_image-img attachment-full lazyload\" alt=\"\" title=\"ana-lecic-lice-u-fokusu-ravno-selo-filmski-festival\" data-srcset=\"https:\/\/ravnoseloff.com\/wp-content\/uploads\/2024\/06\/ana-lecic-lice-u-fokusu-ravno-selo-filmski-festival.jpg 260w, https:\/\/ravnoseloff.com\/wp-content\/uploads\/2024\/06\/ana-lecic-lice-u-fokusu-ravno-selo-filmski-festival-218x300.jpg 218w, https:\/\/ravnoseloff.com\/wp-content\/uploads\/2024\/06\/ana-lecic-lice-u-fokusu-ravno-selo-filmski-festival-9x12.jpg 9w\" data-sizes=\"(max-width: 260px) 100vw, 260px\" src=\"data:image\/gif;base64,R0lGODlhAQABAAAAACH5BAEKAAEALAAAAAABAAEAAAICTAEAOw==\" style=\"--smush-placeholder-width: 260px; --smush-placeholder-aspect-ratio: 260\/357;\" \/><noscript><img decoding=\"async\" width=\"260\" height=\"357\" src=\"https:\/\/ravnoseloff.com\/wp-content\/uploads\/2024\/06\/ana-lecic-lice-u-fokusu-ravno-selo-filmski-festival.jpg\" class=\"vc_single_image-img attachment-full\" alt=\"\" title=\"ana-lecic-lice-u-fokusu-ravno-selo-filmski-festival\" srcset=\"https:\/\/ravnoseloff.com\/wp-content\/uploads\/2024\/06\/ana-lecic-lice-u-fokusu-ravno-selo-filmski-festival.jpg 260w, https:\/\/ravnoseloff.com\/wp-content\/uploads\/2024\/06\/ana-lecic-lice-u-fokusu-ravno-selo-filmski-festival-218x300.jpg 218w, https:\/\/ravnoseloff.com\/wp-content\/uploads\/2024\/06\/ana-lecic-lice-u-fokusu-ravno-selo-filmski-festival-9x12.jpg 9w\" sizes=\"(max-width: 260px) 100vw, 260px\" \/><\/noscript><\/noscript><\/div>\n\t\t<\/figure>\n\t<\/div>\n\n\t<div class=\"wpb_text_column wpb_content_element\" >\n\t\t<div class=\"wpb_wrapper\">\n\t\t\t<p><span style=\"color: #000000;\"><strong>Ana Le\u010di\u0107<\/strong><\/span><br \/>\n<span style=\"color: #ffde00;\">\/<em>Face in Focus<\/em>\/<\/span><\/p>\n\n\t\t<\/div>\n\t<\/div>\n<\/div><\/div><\/div><\/div><\/div><\/div><\/div><\/div><div class=\"vc_row-full-width vc_clearfix\"><\/div><div data-vc-full-width=\"true\" data-vc-full-width-init=\"false\" class=\"vc_row wpb_row vc_row-fluid vc_custom_1686307972121 vc_row-has-fill vc_row-o-content-middle vc_row-flex\"><div class=\"wpb_column vc_column_container vc_col-sm-12 vc_hidden-lg vc_hidden-md vc_col-has-fill\"><div class=\"vc_column-inner vc_custom_1719400201180\"><div class=\"wpb_wrapper\"><div class=\"vc_row wpb_row vc_inner vc_row-fluid vc_row-o-content-middle vc_row-flex\"><div class=\"wpb_column vc_column_container vc_col-sm-3\"><div class=\"vc_column-inner\"><div class=\"wpb_wrapper\">\n\t<div  class=\"wpb_single_image wpb_content_element vc_align_left\">\n\t\t\n\t\t<figure class=\"wpb_wrapper vc_figure\">\n\t\t\t<div class=\"vc_single_image-wrapper   vc_box_border_grey\"><img decoding=\"async\" width=\"260\" height=\"357\" data-src=\"https:\/\/ravnoseloff.com\/wp-content\/uploads\/2024\/06\/ana-lecic-lice-u-fokusu-ravno-selo-filmski-festival.jpg\" class=\"vc_single_image-img attachment-full lazyload\" alt=\"\" title=\"ana-lecic-lice-u-fokusu-ravno-selo-filmski-festival\" data-srcset=\"https:\/\/ravnoseloff.com\/wp-content\/uploads\/2024\/06\/ana-lecic-lice-u-fokusu-ravno-selo-filmski-festival.jpg 260w, https:\/\/ravnoseloff.com\/wp-content\/uploads\/2024\/06\/ana-lecic-lice-u-fokusu-ravno-selo-filmski-festival-218x300.jpg 218w, https:\/\/ravnoseloff.com\/wp-content\/uploads\/2024\/06\/ana-lecic-lice-u-fokusu-ravno-selo-filmski-festival-9x12.jpg 9w\" data-sizes=\"(max-width: 260px) 100vw, 260px\" src=\"data:image\/gif;base64,R0lGODlhAQABAAAAACH5BAEKAAEALAAAAAABAAEAAAICTAEAOw==\" style=\"--smush-placeholder-width: 260px; --smush-placeholder-aspect-ratio: 260\/357;\" \/><noscript><img decoding=\"async\" width=\"260\" height=\"357\" data-src=\"https:\/\/ravnoseloff.com\/wp-content\/uploads\/2024\/06\/ana-lecic-lice-u-fokusu-ravno-selo-filmski-festival.jpg\" class=\"vc_single_image-img attachment-full lazyload\" alt=\"\" title=\"ana-lecic-lice-u-fokusu-ravno-selo-filmski-festival\" data-srcset=\"https:\/\/ravnoseloff.com\/wp-content\/uploads\/2024\/06\/ana-lecic-lice-u-fokusu-ravno-selo-filmski-festival.jpg 260w, https:\/\/ravnoseloff.com\/wp-content\/uploads\/2024\/06\/ana-lecic-lice-u-fokusu-ravno-selo-filmski-festival-218x300.jpg 218w, https:\/\/ravnoseloff.com\/wp-content\/uploads\/2024\/06\/ana-lecic-lice-u-fokusu-ravno-selo-filmski-festival-9x12.jpg 9w\" data-sizes=\"(max-width: 260px) 100vw, 260px\" src=\"data:image\/gif;base64,R0lGODlhAQABAAAAACH5BAEKAAEALAAAAAABAAEAAAICTAEAOw==\" style=\"--smush-placeholder-width: 260px; --smush-placeholder-aspect-ratio: 260\/357;\" \/><noscript><img decoding=\"async\" width=\"260\" height=\"357\" src=\"https:\/\/ravnoseloff.com\/wp-content\/uploads\/2024\/06\/ana-lecic-lice-u-fokusu-ravno-selo-filmski-festival.jpg\" class=\"vc_single_image-img attachment-full\" alt=\"\" title=\"ana-lecic-lice-u-fokusu-ravno-selo-filmski-festival\" srcset=\"https:\/\/ravnoseloff.com\/wp-content\/uploads\/2024\/06\/ana-lecic-lice-u-fokusu-ravno-selo-filmski-festival.jpg 260w, https:\/\/ravnoseloff.com\/wp-content\/uploads\/2024\/06\/ana-lecic-lice-u-fokusu-ravno-selo-filmski-festival-218x300.jpg 218w, https:\/\/ravnoseloff.com\/wp-content\/uploads\/2024\/06\/ana-lecic-lice-u-fokusu-ravno-selo-filmski-festival-9x12.jpg 9w\" sizes=\"(max-width: 260px) 100vw, 260px\" \/><\/noscript><\/noscript><\/div>\n\t\t<\/figure>\n\t<\/div>\n\n\t<div class=\"wpb_text_column wpb_content_element\" >\n\t\t<div class=\"wpb_wrapper\">\n\t\t\t<p><span style=\"color: #000000;\"><strong>Ana Le\u010di\u0107<\/strong><\/span><br \/>\n<span style=\"color: #ffde00;\">\/<em>Face in Focus<\/em>\/<\/span><\/p>\n\n\t\t<\/div>\n\t<\/div>\n<\/div><\/div><\/div><div class=\"wpb_column vc_column_container vc_col-sm-9\"><div class=\"vc_column-inner\"><div class=\"wpb_wrapper\">\n\t<div class=\"wpb_text_column wpb_content_element\" >\n\t\t<div class=\"wpb_wrapper\">\n\t\t\t<h4><span style=\"color: #000000;\">Films serve as a warning, offer support, provide comfort, and teach valuable lessons.<\/span><\/h4>\n<p><span style=\"color: #000000;\">This festival is significant because it brings people together, supports young talent, and brings cultural life to small places like ours. It makes culture accessible to everyone, not just the \"chosen few.\" Film makes you forget your problems for at least an hour or two, or helps you find solutions for them. It allows you to understand the most diverse human behaviors. In a sea of divisions, conflicts due to differences, judgments, and prejudices, I am proud to be part of a profession that largely has the noble intention to understand.<\/span><\/p>\n<p><span style=\"color: #000000;\">After some films, I've breathed more deeply, spoken with more zest. Film isn't just entertainment. I believe film's purpose is to encourage and illuminate this world, but equally, to touch upon uncomfortable topics to serve as a mirror for us \u2013 to see how much has accumulated within us, where we've strayed, where we're self-deceiving. Films are a warning, a support, an embrace, and a lesson. They can articulate our thoughts when we find it hard to think and speak. They can translate feelings we don't know how to explain, sometimes awakening something we didn't even know we could feel. That's the power of a good film.<\/span><\/p>\n\n\t\t<\/div>\n\t<\/div>\n<\/div><\/div><\/div><\/div><\/div><\/div><\/div><\/div><div class=\"vc_row-full-width vc_clearfix\"><\/div><div class=\"vc_row wpb_row vc_row-fluid\"><div class=\"wpb_column vc_column_container vc_col-sm-3\"><div class=\"vc_column-inner\"><div class=\"wpb_wrapper\">\n\t<div  class=\"wpb_single_image wpb_content_element vc_align_left\">\n\t\t\n\t\t<figure class=\"wpb_wrapper vc_figure\">\n\t\t\t<div class=\"vc_single_image-wrapper   vc_box_border_grey\"><img decoding=\"async\" width=\"260\" height=\"357\" data-src=\"https:\/\/ravnoseloff.com\/wp-content\/uploads\/2021\/06\/marko-ckonjevic-ravnoseloff.jpg\" class=\"vc_single_image-img attachment-full lazyload\" alt=\"\" title=\"marko ckonjevic ravnoseloff\" data-srcset=\"https:\/\/ravnoseloff.com\/wp-content\/uploads\/2021\/06\/marko-ckonjevic-ravnoseloff.jpg 260w, https:\/\/ravnoseloff.com\/wp-content\/uploads\/2021\/06\/marko-ckonjevic-ravnoseloff-218x300.jpg 218w\" data-sizes=\"(max-width: 260px) 100vw, 260px\" src=\"data:image\/gif;base64,R0lGODlhAQABAAAAACH5BAEKAAEALAAAAAABAAEAAAICTAEAOw==\" style=\"--smush-placeholder-width: 260px; --smush-placeholder-aspect-ratio: 260\/357;\" \/><noscript><img decoding=\"async\" width=\"260\" height=\"357\" src=\"https:\/\/ravnoseloff.com\/wp-content\/uploads\/2021\/06\/marko-ckonjevic-ravnoseloff.jpg\" class=\"vc_single_image-img attachment-full\" alt=\"\" title=\"marko ckonjevic ravnoseloff\" srcset=\"https:\/\/ravnoseloff.com\/wp-content\/uploads\/2021\/06\/marko-ckonjevic-ravnoseloff.jpg 260w, https:\/\/ravnoseloff.com\/wp-content\/uploads\/2021\/06\/marko-ckonjevic-ravnoseloff-218x300.jpg 218w\" sizes=\"(max-width: 260px) 100vw, 260px\" \/><\/noscript><\/div>\n\t\t<\/figure>\n\t<\/div>\n\n\t<div class=\"wpb_text_column wpb_content_element\" >\n\t\t<div class=\"wpb_wrapper\">\n\t\t\t<p><span style=\"color: #ffffff;\"><strong>Marko \u010ckonjevi\u0107<\/strong><\/span><br \/>\n<span style=\"color: #ffde00;\">\/<em>Artistic Director<\/em>\/<\/span><\/p>\n\n\t\t<\/div>\n\t<\/div>\n<\/div><\/div><\/div><div class=\"wpb_column vc_column_container vc_col-sm-9\"><div class=\"vc_column-inner\"><div class=\"wpb_wrapper\">\n\t<div class=\"wpb_text_column wpb_content_element\" >\n\t\t<div class=\"wpb_wrapper\">\n\t\t\t<p>There are many festivals here, but few have a mission.<\/p>\n<p>A mission is what separates living from merely existing, what gives purpose to existence and significance to work.<\/p>\n<p>This year, our festival is fulfilling its mission with the construction of the Cultural Center, but the responsibility to support youth and talent remains permanent! This is unequivocally evident in the idea to support debutants in its main program and by introducing a new selection for short documentary films, as well as through continuous work with young people via various workshops and lectures. We teach them that film is a collective art form where uniqueness and individuality are nurtured. They learn from us, but we also learn from them.<\/p>\n<p>This festival has realized that young people have come of age and that it's not they who live in our world, but we who live in theirs. It's a world where life is global and where borders are primarily a bureaucratic hindrance. The Ravno Selo Festival doesn't care for borders... it cares for young people who, together with us, are striving to ensure what kind of world we will leave them as a legacy.<\/p>\n<p>Welcome to Ravno Selo and our small, but great festival!<\/p>\n\n\t\t<\/div>\n\t<\/div>\n<\/div><\/div><\/div><\/div><div data-vc-full-width=\"true\" data-vc-full-width-init=\"false\" class=\"vc_row wpb_row vc_row-fluid vc_custom_1570037603385 vc_row-has-fill\"><div class=\"wpb_column vc_column_container vc_col-sm-12 vc_hidden-xs vc_col-has-fill\"><div class=\"vc_column-inner vc_custom_1570111504795\"><div class=\"wpb_wrapper\"><div class=\"vc_row wpb_row vc_inner vc_row-fluid vc_row-o-content-middle vc_row-flex\"><div class=\"wpb_column vc_column_container vc_col-sm-9\"><div class=\"vc_column-inner\"><div class=\"wpb_wrapper\">\n\t<div class=\"wpb_text_column wpb_content_element\" >\n\t\t<div class=\"wpb_wrapper\">\n\t\t\t<p><span style=\"color: #000000;\">With each passing year, the Ravno Selo Film Festival adds a new dimension to its multidisciplinary approach, dedicating equal attention to experimental, amateur, student, and documentary films, as well as to top-tier professional feature films.<\/span><\/p>\n<p><span style=\"color: #000000;\">One of the core programs, the feature film selection, also expands its horizons year by year, both in quantity and quality.<\/span><\/p>\n<p><span style=\"color: #000000;\">The sixth festival will screen a record 10 films over 4 days, with as many as 4 of them being Serbian premieres.<\/span><\/p>\n<p><span style=\"color: #000000;\">As every year, the selection strikes a balance between the highest-quality foreign films\u2014this time including some of the year's most awarded films\u2014and domestic and regional productions. Among these, the Ravno Selo audience will have the honor of being the first in Serbia to see some of them.<\/span><\/p>\n<p><span style=\"color: #000000;\">This primarily refers to the debut film of renowned editor Petar Jakoni\u0107, \"Coma,\" which addresses one of society's greatest traumas in a very unusual, almost intimate way. It also includes the second film from last year's audience favorite, the talented Nikola Kon\u010darevi\u0107 (Jenga), whose new work, \"Manja,\" expands his area of interest by tackling highly relevant topics such as peer violence and teenage depression, while the young Nevena Nerand\u017ei\u0107 once again delivers a brilliant performance in the titular role.<\/span><\/p>\n<p><span style=\"color: #000000;\">This group of premiere films also includes the Croatian film \"Full Steam Ahead\" (Punim plu\u0107ima), the debut feature by acclaimed cinematographer Radislav Jovanov Gonzo, as well as \"Almond and the Seahorse,\" the collaborative debut by renowned cinematographer Tom Stern and young actor and screenwriter Celyn Jones.<\/span><\/p>\n<p><span style=\"color: #000000;\">For audience engagement, the festival will feature \"Indigo Crystal\", the most-watched film in cinemas and the black-and-white debut by Luka Mihailovi\u0107, at the opening. Closing the festival will be \"Trag divlja\u010di\" (Trail of the Beast), the debut by Nenad Pavlovi\u0107, which was the best Serbian film of the past year.<\/span><\/p>\n<p><span style=\"color: #000000;\">\u201eTiha devoj\u010dica\u201c Kolma Berda i \u201ePosle sunca\u201c \u0160arlote Vels, dva su vi\u0161estruko nagra\u0111ivana filma, prikazana na velikom broju festivala tokom 2022. i 2023. dok je \u201ePlavi Kaftan\u201c Marijam Tuzani prvi matrokanski film na ravnoselskom festivalu.<\/span><\/p>\n<p><span style=\"color: #000000;\">Last but not least, \"Where the Road Leads\" (Ovuda \u0107e pro\u0107i put) by Nina Ognjanovi\u0107, a brilliant debut honored with an award at Slamdance in America, will conclude the sixth festival. As the third film by a female director at the festival, it aligns us with this increasingly noticeable trend in world cinema.<\/span><\/p>\n\n\t\t<\/div>\n\t<\/div>\n<\/div><\/div><\/div><div class=\"wpb_column vc_column_container vc_col-sm-3\"><div class=\"vc_column-inner\"><div class=\"wpb_wrapper\">\n\t<div  class=\"wpb_single_image wpb_content_element vc_align_left\">\n\t\t\n\t\t<figure class=\"wpb_wrapper vc_figure\">\n\t\t\t<div class=\"vc_single_image-wrapper   vc_box_border_grey\"><img loading=\"lazy\" decoding=\"async\" width=\"260\" height=\"357\" data-src=\"https:\/\/ravnoseloff.com\/wp-content\/uploads\/2021\/06\/Dragan-Jelicic-selektor-ravnoselofff.jpg\" class=\"vc_single_image-img attachment-full lazyload\" alt=\"\" title=\"Dragan Jeli\u010di\u0107 selektor ravnoselofff\" data-srcset=\"https:\/\/ravnoseloff.com\/wp-content\/uploads\/2021\/06\/Dragan-Jelicic-selektor-ravnoselofff.jpg 260w, https:\/\/ravnoseloff.com\/wp-content\/uploads\/2021\/06\/Dragan-Jelicic-selektor-ravnoselofff-218x300.jpg 218w\" data-sizes=\"(max-width: 260px) 100vw, 260px\" src=\"data:image\/gif;base64,R0lGODlhAQABAAAAACH5BAEKAAEALAAAAAABAAEAAAICTAEAOw==\" style=\"--smush-placeholder-width: 260px; --smush-placeholder-aspect-ratio: 260\/357;\" \/><noscript><img loading=\"lazy\" decoding=\"async\" width=\"260\" height=\"357\" data-src=\"https:\/\/ravnoseloff.com\/wp-content\/uploads\/2021\/06\/Dragan-Jelicic-selektor-ravnoselofff.jpg\" class=\"vc_single_image-img attachment-full lazyload\" alt=\"\" title=\"Dragan Jeli\u010di\u0107 selektor ravnoselofff\" data-srcset=\"https:\/\/ravnoseloff.com\/wp-content\/uploads\/2021\/06\/Dragan-Jelicic-selektor-ravnoselofff.jpg 260w, https:\/\/ravnoseloff.com\/wp-content\/uploads\/2021\/06\/Dragan-Jelicic-selektor-ravnoselofff-218x300.jpg 218w\" data-sizes=\"(max-width: 260px) 100vw, 260px\" src=\"data:image\/gif;base64,R0lGODlhAQABAAAAACH5BAEKAAEALAAAAAABAAEAAAICTAEAOw==\" style=\"--smush-placeholder-width: 260px; --smush-placeholder-aspect-ratio: 260\/357;\" \/><noscript><img loading=\"lazy\" decoding=\"async\" width=\"260\" height=\"357\" src=\"https:\/\/ravnoseloff.com\/wp-content\/uploads\/2021\/06\/Dragan-Jelicic-selektor-ravnoselofff.jpg\" class=\"vc_single_image-img attachment-full\" alt=\"\" title=\"Dragan Jeli\u010di\u0107 selektor ravnoselofff\" srcset=\"https:\/\/ravnoseloff.com\/wp-content\/uploads\/2021\/06\/Dragan-Jelicic-selektor-ravnoselofff.jpg 260w, https:\/\/ravnoseloff.com\/wp-content\/uploads\/2021\/06\/Dragan-Jelicic-selektor-ravnoselofff-218x300.jpg 218w\" sizes=\"(max-width: 260px) 100vw, 260px\" \/><\/noscript><\/noscript><\/div>\n\t\t<\/figure>\n\t<\/div>\n\n\t<div class=\"wpb_text_column wpb_content_element\" >\n\t\t<div class=\"wpb_wrapper\">\n\t\t\t<p><span style=\"color: #000000;\"><strong>Dragan Jeli\u010di\u0107<\/strong><\/span><br \/>\n<span style=\"color: #ffde00;\">\/<em>Selector<\/em>\/<\/span><\/p>\n\n\t\t<\/div>\n\t<\/div>\n<\/div><\/div><\/div><\/div><\/div><\/div><\/div><\/div><div class=\"vc_row-full-width vc_clearfix\"><\/div><div data-vc-full-width=\"true\" data-vc-full-width-init=\"false\" class=\"vc_row wpb_row vc_row-fluid vc_custom_1570037603385 vc_row-has-fill\"><div class=\"wpb_column vc_column_container vc_col-sm-12 vc_hidden-lg vc_hidden-md vc_hidden-sm vc_col-has-fill\"><div class=\"vc_column-inner vc_custom_1570111514594\"><div class=\"wpb_wrapper\"><div class=\"vc_row wpb_row vc_inner vc_row-fluid\"><div class=\"wpb_column vc_column_container vc_col-sm-3\"><div class=\"vc_column-inner\"><div class=\"wpb_wrapper\">\n\t<div  class=\"wpb_single_image wpb_content_element vc_align_left\">\n\t\t\n\t\t<figure class=\"wpb_wrapper vc_figure\">\n\t\t\t<div class=\"vc_single_image-wrapper   vc_box_border_grey\"><img loading=\"lazy\" decoding=\"async\" width=\"260\" height=\"357\" data-src=\"https:\/\/ravnoseloff.com\/wp-content\/uploads\/2021\/06\/Dragan-Jelicic-selektor-ravnoselofff.jpg\" class=\"vc_single_image-img attachment-full lazyload\" alt=\"\" title=\"Dragan Jeli\u010di\u0107 selektor ravnoselofff\" data-srcset=\"https:\/\/ravnoseloff.com\/wp-content\/uploads\/2021\/06\/Dragan-Jelicic-selektor-ravnoselofff.jpg 260w, https:\/\/ravnoseloff.com\/wp-content\/uploads\/2021\/06\/Dragan-Jelicic-selektor-ravnoselofff-218x300.jpg 218w\" data-sizes=\"(max-width: 260px) 100vw, 260px\" src=\"data:image\/gif;base64,R0lGODlhAQABAAAAACH5BAEKAAEALAAAAAABAAEAAAICTAEAOw==\" style=\"--smush-placeholder-width: 260px; --smush-placeholder-aspect-ratio: 260\/357;\" \/><noscript><img loading=\"lazy\" decoding=\"async\" width=\"260\" height=\"357\" data-src=\"https:\/\/ravnoseloff.com\/wp-content\/uploads\/2021\/06\/Dragan-Jelicic-selektor-ravnoselofff.jpg\" class=\"vc_single_image-img attachment-full lazyload\" alt=\"\" title=\"Dragan Jeli\u010di\u0107 selektor ravnoselofff\" data-srcset=\"https:\/\/ravnoseloff.com\/wp-content\/uploads\/2021\/06\/Dragan-Jelicic-selektor-ravnoselofff.jpg 260w, https:\/\/ravnoseloff.com\/wp-content\/uploads\/2021\/06\/Dragan-Jelicic-selektor-ravnoselofff-218x300.jpg 218w\" data-sizes=\"(max-width: 260px) 100vw, 260px\" src=\"data:image\/gif;base64,R0lGODlhAQABAAAAACH5BAEKAAEALAAAAAABAAEAAAICTAEAOw==\" style=\"--smush-placeholder-width: 260px; --smush-placeholder-aspect-ratio: 260\/357;\" \/><noscript><img loading=\"lazy\" decoding=\"async\" width=\"260\" height=\"357\" src=\"https:\/\/ravnoseloff.com\/wp-content\/uploads\/2021\/06\/Dragan-Jelicic-selektor-ravnoselofff.jpg\" class=\"vc_single_image-img attachment-full\" alt=\"\" title=\"Dragan Jeli\u010di\u0107 selektor ravnoselofff\" srcset=\"https:\/\/ravnoseloff.com\/wp-content\/uploads\/2021\/06\/Dragan-Jelicic-selektor-ravnoselofff.jpg 260w, https:\/\/ravnoseloff.com\/wp-content\/uploads\/2021\/06\/Dragan-Jelicic-selektor-ravnoselofff-218x300.jpg 218w\" sizes=\"(max-width: 260px) 100vw, 260px\" \/><\/noscript><\/noscript><\/div>\n\t\t<\/figure>\n\t<\/div>\n\n\t<div class=\"wpb_text_column wpb_content_element\" >\n\t\t<div class=\"wpb_wrapper\">\n\t\t\t<p><span style=\"color: #000000;\"><strong>Dragan Jeli\u010di\u0107<\/strong><\/span><br \/>\n<span style=\"color: #ffde00;\">\/<em>Selector<\/em>\/<\/span><\/p>\n\n\t\t<\/div>\n\t<\/div>\n<\/div><\/div><\/div><div class=\"wpb_column vc_column_container vc_col-sm-9\"><div class=\"vc_column-inner\"><div class=\"wpb_wrapper\">\n\t<div class=\"wpb_text_column wpb_content_element\" >\n\t\t<div class=\"wpb_wrapper\">\n\t\t\t<p><span style=\"color: #000000;\">With each passing year, the Ravno Selo Film Festival adds a new dimension to its multidisciplinary approach, dedicating equal attention to experimental, amateur, student, and documentary films, as well as to top-tier professional feature films.<\/span><\/p>\n<p><span style=\"color: #000000;\">One of the core programs, the feature film selection, also expands its horizons year by year, both in quantity and quality.<\/span><\/p>\n<p><span style=\"color: #000000;\">The sixth festival will screen a record 10 films over 4 days, with as many as 4 of them being Serbian premieres.<\/span><\/p>\n<p><span style=\"color: #000000;\">As every year, the selection strikes a balance between the highest-quality foreign films\u2014this time including some of the year's most awarded films\u2014and domestic and regional productions. Among these, the Ravno Selo audience will have the honor of being the first in Serbia to see some of them.<\/span><\/p>\n<p><span style=\"color: #000000;\">This primarily refers to the debut film of renowned editor Petar Jakoni\u0107, \"Coma,\" which addresses one of society's greatest traumas in a very unusual, almost intimate way. It also includes the second film from last year's audience favorite, the talented Nikola Kon\u010darevi\u0107 (Jenga), whose new work, \"Manja,\" expands his area of interest by tackling highly relevant topics such as peer violence and teenage depression, while the young Nevena Nerand\u017ei\u0107 once again delivers a brilliant performance in the titular role.<\/span><\/p>\n<p><span style=\"color: #000000;\">This group of premiere films also includes the Croatian film \"Full Steam Ahead\" (Punim plu\u0107ima), the debut feature by acclaimed cinematographer Radislav Jovanov Gonzo, as well as \"Almond and the Seahorse,\" the collaborative debut by renowned cinematographer Tom Stern and young actor and screenwriter Celyn Jones.<\/span><\/p>\n<p><span style=\"color: #000000;\">For audience engagement, the festival will feature \"Indigo Crystal\", the most-watched film in cinemas and the black-and-white debut by Luka Mihailovi\u0107, at the opening. Closing the festival will be \"Trag divlja\u010di\" (Trail of the Beast), the debut by Nenad Pavlovi\u0107, which was the best Serbian film of the past year.<\/span><\/p>\n<p><span style=\"color: #000000;\">\"The Quiet Girl\" by Colm Bair\u00e9ad and \"Aftersun\" by Charlotte Wells are two multi-award-winning films, screened at numerous festivals throughout 2022 and 2023. Meanwhile, \"The Blue Caftan\" by Maryam Touzani is the first Moroccan film to be shown at the Ravno Selo Festival.<\/span><\/p>\n<p><span style=\"color: #000000;\">Last but not least, \"Where the Road Leads\" (Ovuda \u0107e pro\u0107i put) by Nina Ognjanovi\u0107, a brilliant debut honored with an award at Slamdance in America, will conclude the sixth festival. As the third film by a female director at the festival, it aligns us with this increasingly noticeable trend in world cinema.<\/span><\/p>\n\n\t\t<\/div>\n\t<\/div>\n<\/div><\/div><\/div><\/div><\/div><\/div><\/div><\/div><div class=\"vc_row-full-width vc_clearfix\"><\/div><div class=\"vc_row wpb_row vc_row-fluid\"><div class=\"wpb_column vc_column_container vc_col-sm-3\"><div class=\"vc_column-inner\"><div class=\"wpb_wrapper\">\n\t<div  class=\"wpb_single_image wpb_content_element vc_align_left\">\n\t\t\n\t\t<figure class=\"wpb_wrapper vc_figure\">\n\t\t\t<div class=\"vc_single_image-wrapper   vc_box_border_grey\"><img loading=\"lazy\" decoding=\"async\" width=\"260\" height=\"357\" data-src=\"https:\/\/ravnoseloff.com\/wp-content\/uploads\/2023\/06\/Igor-Toholj-selektor-rafnoseloff.jpg\" class=\"vc_single_image-img attachment-full lazyload\" alt=\"\" title=\"Igor-Toholj-selektor-rafnoseloff\" data-srcset=\"https:\/\/ravnoseloff.com\/wp-content\/uploads\/2023\/06\/Igor-Toholj-selektor-rafnoseloff.jpg 260w, https:\/\/ravnoseloff.com\/wp-content\/uploads\/2023\/06\/Igor-Toholj-selektor-rafnoseloff-218x300.jpg 218w\" data-sizes=\"(max-width: 260px) 100vw, 260px\" src=\"data:image\/gif;base64,R0lGODlhAQABAAAAACH5BAEKAAEALAAAAAABAAEAAAICTAEAOw==\" style=\"--smush-placeholder-width: 260px; --smush-placeholder-aspect-ratio: 260\/357;\" \/><noscript><img loading=\"lazy\" decoding=\"async\" width=\"260\" height=\"357\" src=\"https:\/\/ravnoseloff.com\/wp-content\/uploads\/2023\/06\/Igor-Toholj-selektor-rafnoseloff.jpg\" class=\"vc_single_image-img attachment-full\" alt=\"\" title=\"Igor-Toholj-selektor-rafnoseloff\" srcset=\"https:\/\/ravnoseloff.com\/wp-content\/uploads\/2023\/06\/Igor-Toholj-selektor-rafnoseloff.jpg 260w, https:\/\/ravnoseloff.com\/wp-content\/uploads\/2023\/06\/Igor-Toholj-selektor-rafnoseloff-218x300.jpg 218w\" sizes=\"(max-width: 260px) 100vw, 260px\" \/><\/noscript><\/div>\n\t\t<\/figure>\n\t<\/div>\n\n\t<div class=\"wpb_text_column wpb_content_element\" >\n\t\t<div class=\"wpb_wrapper\">\n\t\t\t<p><span style=\"color: #ffffff;\"><strong>Igor Toholj<\/strong><\/span><br \/>\n<span style=\"color: #ffde00;\">\/<em>Selector<\/em>\/<\/span><\/p>\n\n\t\t<\/div>\n\t<\/div>\n<\/div><\/div><\/div><div class=\"wpb_column vc_column_container vc_col-sm-9\"><div class=\"vc_column-inner\"><div class=\"wpb_wrapper\">\n\t<div class=\"wpb_text_column wpb_content_element\" >\n\t\t<div class=\"wpb_wrapper\">\n\t\t\t<p>Regardless of the evident youth of the filmmakers in this selection, their maturity and courage in choosing themes, styles, and ideas are what truly define it. Furthermore, these films strongly feature individual\/collective memory and maturation as a recurring motif.<\/p>\n<p>We'll present short documentaries that utilize completely different expressive means, from introspective diaries, chronicles, film-essays, to documentary portraits.<br \/>\nIn this small segment of a very prolific short documentary film production, intriguing debut films appear, some of which have already achieved international festival success. The documentary opening this year's selection, by Chinese director Shuli Huang, is an unusual essay shot on Super 8 film in an American production, in which he re-examines his maturation and relationship with his mother. In 2022, it was screened at Critics' Week at the Cannes Film Festival, IDFA, and the Hot Docs festival in Toronto. Another film, which shares a type of stylized audiovisual confession and reflection on personal sexual maturation with the aforementioned, is the award-winning My Red Film by Nenad Pr\u017eulj, created by the last generation of Atelier Varan attendees.<\/p>\n\n\t\t<\/div>\n\t<\/div>\n<\/div><\/div><\/div><\/div>\n<\/div>","protected":false},"excerpt":{"rendered":"Lazar Ristovski \/osniva\u010d i direktor festivala\/ Nakon dugog \u010dekanja i napornog rada, kona\u010dno sam uspeo da ostvarim svoj san - izgradnju novog Doma kulture u mom voljenom Ravnom Selu. Zahvaljuju\u0107i podr\u0161ci koju smo dobili od predsednika Pokrajinske vlade Vojvodine, gospodina Igora Mirovi\u0107a, na\u0161 novi Dom kulture je sada stvarnost. Nakon osam godina od stra\u0161nog po\u017eara [...]","protected":false},"author":1,"featured_media":0,"parent":0,"menu_order":0,"comment_status":"closed","ping_status":"closed","template":"","meta":{"_acf_changed":false,"footnotes":""},"class_list":["post-1428","page","type-page","status-publish","hentry"],"acf":[],"yoast_head":"<!-- This site is optimized with the Yoast SEO plugin v23.6 - https:\/\/yoast.com\/wordpress\/plugins\/seo\/ -->\n<title>Re\u010d osniva\u010da - Ravno selo<\/title>\n<meta name=\"robots\" content=\"index, follow, max-snippet:-1, max-image-preview:large, max-video-preview:-1\" \/>\n<link rel=\"canonical\" href=\"https:\/\/ravnoseloff.com\/en\/rec-osnivaca\/\" \/>\n<meta property=\"og:locale\" content=\"en_GB\" \/>\n<meta property=\"og:type\" content=\"article\" \/>\n<meta property=\"og:title\" content=\"Re\u010d osniva\u010da - Ravno selo\" \/>\n<meta property=\"og:url\" content=\"https:\/\/ravnoseloff.com\/en\/rec-osnivaca\/\" \/>\n<meta property=\"og:site_name\" content=\"Ravno selo\" \/>\n<meta property=\"article:modified_time\" content=\"2025-06-07T23:01:06+00:00\" \/>\n<meta name=\"twitter:card\" content=\"summary_large_image\" \/>\n<meta name=\"twitter:label1\" content=\"Estimated reading time\" \/>\n\t<meta name=\"twitter:data1\" content=\"9 minutes\" \/>\n<script type=\"application\/ld+json\" class=\"yoast-schema-graph\">{\"@context\":\"https:\/\/schema.org\",\"@graph\":[{\"@type\":\"WebPage\",\"@id\":\"https:\/\/ravnoseloff.com\/rec-osnivaca\/\",\"url\":\"https:\/\/ravnoseloff.com\/rec-osnivaca\/\",\"name\":\"Re\u010d osniva\u010da - Ravno selo\",\"isPartOf\":{\"@id\":\"https:\/\/ravnoseloff.com\/en\/home\/#website\"},\"datePublished\":\"2019-10-02T19:01:48+00:00\",\"dateModified\":\"2025-06-07T23:01:06+00:00\",\"breadcrumb\":{\"@id\":\"https:\/\/ravnoseloff.com\/rec-osnivaca\/#breadcrumb\"},\"inLanguage\":\"en-GB\",\"potentialAction\":[{\"@type\":\"ReadAction\",\"target\":[\"https:\/\/ravnoseloff.com\/rec-osnivaca\/\"]}]},{\"@type\":\"BreadcrumbList\",\"@id\":\"https:\/\/ravnoseloff.com\/rec-osnivaca\/#breadcrumb\",\"itemListElement\":[{\"@type\":\"ListItem\",\"position\":1,\"name\":\"Po\u010detna\",\"item\":\"https:\/\/ravnoseloff.com\/\"},{\"@type\":\"ListItem\",\"position\":2,\"name\":\"Re\u010d osniva\u010da\"}]},{\"@type\":\"WebSite\",\"@id\":\"https:\/\/ravnoseloff.com\/en\/home\/#website\",\"url\":\"https:\/\/ravnoseloff.com\/en\/home\/\",\"name\":\"Ravno selo filmski festival\",\"description\":\"Filmski festival\",\"publisher\":{\"@id\":\"https:\/\/ravnoseloff.com\/en\/home\/#organization\"},\"potentialAction\":[{\"@type\":\"SearchAction\",\"target\":{\"@type\":\"EntryPoint\",\"urlTemplate\":\"https:\/\/ravnoseloff.com\/en\/home\/?s={search_term_string}\"},\"query-input\":{\"@type\":\"PropertyValueSpecification\",\"valueRequired\":true,\"valueName\":\"search_term_string\"}}],\"inLanguage\":\"en-GB\"},{\"@type\":\"Organization\",\"@id\":\"https:\/\/ravnoseloff.com\/en\/home\/#organization\",\"name\":\"Ravno selo filmski festival\",\"url\":\"https:\/\/ravnoseloff.com\/en\/home\/\",\"logo\":{\"@type\":\"ImageObject\",\"inLanguage\":\"en-GB\",\"@id\":\"https:\/\/ravnoseloff.com\/en\/home\/#\/schema\/logo\/image\/\",\"url\":\"https:\/\/ravnoseloff.com\/wp-content\/uploads\/2019\/10\/logo_sr.png\",\"contentUrl\":\"https:\/\/ravnoseloff.com\/wp-content\/uploads\/2019\/10\/logo_sr.png\",\"width\":92,\"height\":47,\"caption\":\"Ravno selo filmski festival\"},\"image\":{\"@id\":\"https:\/\/ravnoseloff.com\/en\/home\/#\/schema\/logo\/image\/\"}}]}<\/script>\n<!-- \/ Yoast SEO plugin. -->","yoast_head_json":{"title":"Re\u010d osniva\u010da - Ravno selo","robots":{"index":"index","follow":"follow","max-snippet":"max-snippet:-1","max-image-preview":"max-image-preview:large","max-video-preview":"max-video-preview:-1"},"canonical":"https:\/\/ravnoseloff.com\/en\/rec-osnivaca\/","og_locale":"en_GB","og_type":"article","og_title":"Re\u010d osniva\u010da - Ravno selo","og_url":"https:\/\/ravnoseloff.com\/en\/rec-osnivaca\/","og_site_name":"Ravno selo","article_modified_time":"2025-06-07T23:01:06+00:00","twitter_card":"summary_large_image","twitter_misc":{"Estimated reading time":"9 minutes"},"schema":{"@context":"https:\/\/schema.org","@graph":[{"@type":"WebPage","@id":"https:\/\/ravnoseloff.com\/rec-osnivaca\/","url":"https:\/\/ravnoseloff.com\/rec-osnivaca\/","name":"Re\u010d osniva\u010da - Ravno selo","isPartOf":{"@id":"https:\/\/ravnoseloff.com\/en\/home\/#website"},"datePublished":"2019-10-02T19:01:48+00:00","dateModified":"2025-06-07T23:01:06+00:00","breadcrumb":{"@id":"https:\/\/ravnoseloff.com\/rec-osnivaca\/#breadcrumb"},"inLanguage":"en-GB","potentialAction":[{"@type":"ReadAction","target":["https:\/\/ravnoseloff.com\/rec-osnivaca\/"]}]},{"@type":"BreadcrumbList","@id":"https:\/\/ravnoseloff.com\/rec-osnivaca\/#breadcrumb","itemListElement":[{"@type":"ListItem","position":1,"name":"Po\u010detna","item":"https:\/\/ravnoseloff.com\/"},{"@type":"ListItem","position":2,"name":"Re\u010d osniva\u010da"}]},{"@type":"WebSite","@id":"https:\/\/ravnoseloff.com\/en\/home\/#website","url":"https:\/\/ravnoseloff.com\/en\/home\/","name":"Ravno selo filmski festival","description":"Filmski festival","publisher":{"@id":"https:\/\/ravnoseloff.com\/en\/home\/#organization"},"potentialAction":[{"@type":"SearchAction","target":{"@type":"EntryPoint","urlTemplate":"https:\/\/ravnoseloff.com\/en\/home\/?s={search_term_string}"},"query-input":{"@type":"PropertyValueSpecification","valueRequired":true,"valueName":"search_term_string"}}],"inLanguage":"en-GB"},{"@type":"Organization","@id":"https:\/\/ravnoseloff.com\/en\/home\/#organization","name":"Ravno selo filmski festival","url":"https:\/\/ravnoseloff.com\/en\/home\/","logo":{"@type":"ImageObject","inLanguage":"en-GB","@id":"https:\/\/ravnoseloff.com\/en\/home\/#\/schema\/logo\/image\/","url":"https:\/\/ravnoseloff.com\/wp-content\/uploads\/2019\/10\/logo_sr.png","contentUrl":"https:\/\/ravnoseloff.com\/wp-content\/uploads\/2019\/10\/logo_sr.png","width":92,"height":47,"caption":"Ravno selo filmski festival"},"image":{"@id":"https:\/\/ravnoseloff.com\/en\/home\/#\/schema\/logo\/image\/"}}]}},"_links":{"self":[{"href":"https:\/\/ravnoseloff.com\/en\/wp-json\/wp\/v2\/pages\/1428"}],"collection":[{"href":"https:\/\/ravnoseloff.com\/en\/wp-json\/wp\/v2\/pages"}],"about":[{"href":"https:\/\/ravnoseloff.com\/en\/wp-json\/wp\/v2\/types\/page"}],"author":[{"embeddable":true,"href":"https:\/\/ravnoseloff.com\/en\/wp-json\/wp\/v2\/users\/1"}],"replies":[{"embeddable":true,"href":"https:\/\/ravnoseloff.com\/en\/wp-json\/wp\/v2\/comments?post=1428"}],"version-history":[{"count":39,"href":"https:\/\/ravnoseloff.com\/en\/wp-json\/wp\/v2\/pages\/1428\/revisions"}],"predecessor-version":[{"id":2545,"href":"https:\/\/ravnoseloff.com\/en\/wp-json\/wp\/v2\/pages\/1428\/revisions\/2545"}],"wp:attachment":[{"href":"https:\/\/ravnoseloff.com\/en\/wp-json\/wp\/v2\/media?parent=1428"}],"curies":[{"name":"wp","href":"https:\/\/api.w.org\/{rel}","templated":true}]}}