{"id":1793,"date":"2021-10-20T18:47:44","date_gmt":"2021-10-20T16:47:44","guid":{"rendered":"https:\/\/ravnoseloff.com\/?page_id=1793"},"modified":"2023-06-08T20:35:28","modified_gmt":"2023-06-08T18:35:28","slug":"home","status":"publish","type":"page","link":"https:\/\/ravnoseloff.com\/en\/home\/","title":{"rendered":"Home"},"content":{"rendered":"<div class=\"wpb-content-wrapper\"><div data-vc-full-width=\"true\" data-vc-full-width-init=\"false\" data-vc-stretch-content=\"true\" class=\"vc_row wpb_row vc_row-fluid vc_row-no-padding\"><div class=\"wpb_column vc_column_container vc_col-sm-12 vc_hidden-sm vc_hidden-xs\"><div class=\"vc_column-inner\"><div class=\"wpb_wrapper\">[pt_banner background_parallax=&#8220;on&#8220; background_parallax_speed=&#8220;0.7&#8243; background_video_controls=&#8220;&#8220; bg_overlay=&#8220;&#8220; background_video_playing_on=&#8220;click-in-popup&#8220; heading_size=&#8220;h1&#8243; mouse_on_bottom=&#8220;off&#8220; social_links_align=&#8220;right&#8220; social_type1=&#8220;facebook&#8220; social_type2=&#8220;instagram&#8220; background_image=&#8220;2006&#8243; link=&#8220;|||&#8220; social_link1=&#8220;url:https%3A%2F%2Fwww.facebook.com%2Fravnoselofilmfestival%2F||target:%20_blank|&#8220; social_link2=&#8220;url:https%3A%2F%2Fwww.instagram.com%2Fp%2FBzddwiHpoYV%2F||target:%20_blank|&#8220; social_links_color=&#8220;#eeee22&#8243; social_link3=&#8220;|||&#8220; uniqid=&#8220;60da5f55b9066&#8243; video_url=&#8220;https:\/\/youtu.be\/TkQDPjDZmdY&#8220;][\/pt_banner]<\/div><\/div><\/div><\/div><div class=\"vc_row-full-width vc_clearfix\"><\/div><div data-vc-full-width=\"true\" data-vc-full-width-init=\"false\" data-vc-stretch-content=\"true\" class=\"vc_row wpb_row vc_row-fluid vc_row-no-padding\"><div class=\"wpb_column vc_column_container vc_col-sm-12 vc_hidden-lg vc_hidden-md vc_hidden-sm\"><div class=\"vc_column-inner\"><div class=\"wpb_wrapper\">[pt_banner background_parallax=&#8220;on&#8220; background_parallax_speed=&#8220;0.7&#8243; content_aling=&#8220;tac&#8220; heading_size=&#8220;h1&#8243; social_links_align=&#8220;right&#8220; social_type1=&#8220;facebook&#8220; social_type2=&#8220;instagram&#8220; uniqid=&#8220;5cc7db9895991&#8243; background_image=&#8220;2008&#8243; link=&#8220;|||&#8220; social_link1=&#8220;url:https%3A%2F%2Fwww.facebook.com%2Fravnoselofilmfestival%2F||target:%20_blank|&#8220; social_link2=&#8220;url:https%3A%2F%2Fwww.instagram.com%2Fp%2FBzddwiHpoYV%2F||target:%20_blank|&#8220; social_links_color=&#8220;#eeee22&#8243; social_link3=&#8220;|||&#8220;][\/pt_banner]<\/div><\/div><\/div><\/div><div class=\"vc_row-full-width vc_clearfix\"><\/div><div data-vc-full-width=\"true\" data-vc-full-width-init=\"false\" data-vc-stretch-content=\"true\" class=\"vc_row wpb_row vc_row-fluid vc_row-no-padding\"><div class=\"wpb_column vc_column_container vc_col-sm-12 vc_hidden-lg vc_hidden-md vc_hidden-xs\"><div class=\"vc_column-inner\"><div class=\"wpb_wrapper\">[pt_banner background_parallax=&#8220;on&#8220; background_parallax_speed=&#8220;0.7&#8243; heading_size=&#8220;h1&#8243; social_links_align=&#8220;right&#8220; social_type1=&#8220;facebook&#8220; social_type2=&#8220;instagram&#8220; uniqid=&#8220;60b5f2bdadbb7&#8243; background_image=&#8220;2007&#8243; link=&#8220;|||&#8220; social_link1=&#8220;url:https%3A%2F%2Fwww.facebook.com%2Fravnoselofilmfestival%2F||target:%20_blank|&#8220; social_link2=&#8220;url:https%3A%2F%2Fwww.instagram.com%2Fp%2FBzddwiHpoYV%2F||target:%20_blank|&#8220; social_links_color=&#8220;#eeee22&#8243; social_link3=&#8220;|||&#8220;][\/pt_banner]<\/div><\/div><\/div><\/div><div class=\"vc_row-full-width vc_clearfix\"><\/div><div class=\"vc_row wpb_row vc_row-fluid vc_custom_1556604677408\"><div class=\"wpb_column vc_column_container vc_col-sm-12 vc_hidden-lg vc_hidden-md vc_hidden-sm vc_hidden-xs\"><div class=\"vc_column-inner\"><div class=\"wpb_wrapper\">[pt_portfolio count_items=&#8220;6&#8243; type=&#8220;carousel&#8220; carousel_style=&#8220;style2&#8243; carousel_cols=&#8220;xs:1,sm:2,md:3,lg:4,xl:5,&#8220; css_animation=&#8220;none&#8220; slider_counter=&#8220;off&#8220; source=&#8220;categories&#8220; categories=&#8220;83&#8243; uniqid=&#8220;5cc7e07ad0450&#8243; heading=&#8220;Movies&#8220; css=&#8220;.vc_custom_1634748516041{margin-top: -45px !important;}&#8220;]<\/div><\/div><\/div><\/div><div data-vc-full-width=\"true\" data-vc-full-width-init=\"false\" class=\"vc_row wpb_row vc_row-fluid vc_custom_1558422572937\"><div class=\"wpb_column vc_column_container vc_col-sm-12\"><div class=\"vc_column-inner\"><div class=\"wpb_wrapper\">[pt_heading content_aling=&#8220;tac&#8220; heading_size=&#8220;h3&#8243; decor_type=&#8220;bottom-line&#8220; heading=&#8220;Ravno Selo film festival of the first and second film&#8220; uniqid=&#8220;61704871f136c&#8220;]<div class=\"vc_row wpb_row vc_inner vc_row-fluid\"><div class=\"wpb_column vc_column_container vc_col-sm-6\"><div class=\"vc_column-inner\"><div class=\"wpb_wrapper\">\n\t<div class=\"wpb_text_column wpb_content_element  vc_custom_1634748554584\" >\n\t\t<div class=\"wpb_wrapper\">\n\t\t\t<p>The Ravno Selo Film Festival is oriented towards young people and serves as a debut festival for directors making their first or second film. It is traditionally open with a film music concert. This year, in addition to the main program of six films chosen by Dragan Jelicic, two of which are world premieres, and the student film program of two academies, the festival introduced a third selection called &#8222;Short 100 minutes,&#8220; which screened documentaries that drew a lot of attention from critics and the public in the previous period, chosen by program selector Igor Toholj.<\/p>\n<p>Every year, with the help of young actress Lora \u0110urovi\u0107 and director Goran Nikoli\u0107, we host a film workshop for high school students from the area, within which there is a special screening of films titled &#8222;Filmic&#8220; &#8211; Novi Sad Youth Film Review.<\/p>\n\n\t\t<\/div>\n\t<\/div>\n<\/div><\/div><\/div><div class=\"wpb_column vc_column_container vc_col-sm-6\"><div class=\"vc_column-inner\"><div class=\"wpb_wrapper\">\n\t<div  class=\"wpb_single_image wpb_content_element vc_align_center\">\n\t\t\n\t\t<figure class=\"wpb_wrapper vc_figure\">\n\t\t\t<a class=\"\" data-lightbox=\"lightbox[rel-1793-2137808879]\" href=\"https:\/\/ravnoseloff.com\/wp-content\/uploads\/2023\/06\/Ravno-Selo-FF_420x740_ENG.jpg\" target=\"_self\"><img loading=\"lazy\" decoding=\"async\" class=\"vc_single_image-img lazyload\" data-src=\"https:\/\/ravnoseloff.com\/wp-content\/uploads\/2023\/06\/Ravno-Selo-FF_420x740_ENG-300x419.jpg\" width=\"300\" height=\"419\" alt=\"Ravno-Selo-FF_420x740_ENG\" title=\"Ravno-Selo-FF_420x740_ENG\" src=\"data:image\/gif;base64,R0lGODlhAQABAAAAACH5BAEKAAEALAAAAAABAAEAAAICTAEAOw==\" style=\"--smush-placeholder-width: 300px; --smush-placeholder-aspect-ratio: 300\/419;\" \/><noscript><img loading=\"lazy\" decoding=\"async\" class=\"vc_single_image-img\" src=\"https:\/\/ravnoseloff.com\/wp-content\/uploads\/2023\/06\/Ravno-Selo-FF_420x740_ENG-300x419.jpg\" width=\"300\" height=\"419\" alt=\"Ravno-Selo-FF_420x740_ENG\" title=\"Ravno-Selo-FF_420x740_ENG\" \/><\/noscript><\/a>\n\t\t<\/figure>\n\t<\/div>\n<\/div><\/div><\/div><\/div><\/div><\/div><\/div><\/div><div class=\"vc_row-full-width vc_clearfix\"><\/div><div data-vc-full-width=\"true\" data-vc-full-width-init=\"false\" class=\"vc_row wpb_row vc_row-fluid vc_custom_1570033462108\"><div class=\"wpb_column vc_column_container vc_col-sm-12\"><div class=\"vc_column-inner\"><div class=\"wpb_wrapper\">[pt_heading content_aling=&#8220;tac&#8220; heading_size=&#8220;h3&#8243; decor_type=&#8220;bottom-line&#8220; uniqid=&#8220;5cc7ee4a49502&#8243; heading=&#8220;Program of the festival&#8220;]<div class=\"vc_row wpb_row vc_inner vc_row-fluid\"><div class=\"wpb_column vc_column_container vc_col-sm-6\"><div class=\"vc_column-inner\"><div class=\"wpb_wrapper\">[pt_button align=&#8220;center&#8220; style=&#8220;style1 with-arrow&#8220; uniqid=&#8220;5d95d175f211a&#8220; link=&#8220;url:https%3A%2F%2Fravnoseloff.com%2Fwp-content%2Fuploads%2F2022%2F06%2Fprogram-za-web-eng.png|title:Download%20Program|target:%20_blank|&#8220;]<\/div><\/div><\/div><div class=\"wpb_column vc_column_container vc_col-sm-6\"><div class=\"vc_column-inner\"><div class=\"wpb_wrapper\">[pt_button align=&#8220;center&#8220; style=&#8220;style1 with-arrow&#8220; uniqid=&#8220;5d94f62e6bded&#8220; link=&#8220;url:https%3A%2F%2Fravnoseloff.com%2Fwp-content%2Fuploads%2F2022%2F06%2FRavno-Selo-FF_5_katalog-A5_compressed.pdf|title:Download%20Catalogue%202021|target:%20_blank|&#8220;]<\/div><\/div><\/div><\/div><\/div><\/div><\/div><\/div><div class=\"vc_row-full-width vc_clearfix\"><\/div><div class=\"vc_row wpb_row vc_row-fluid\"><div class=\"wpb_column vc_column_container vc_col-sm-12 vc_hidden-lg vc_hidden-md vc_hidden-sm vc_hidden-xs\"><div class=\"vc_column-inner\"><div class=\"wpb_wrapper\">[pt_heading content_aling=&#8220;tac&#8220; heading_size=&#8220;h3&#8243; decor_type=&#8220;bottom-line&#8220; heading=&#8220;Jury Members&#8220; uniqid=&#8220;617048c816ae5&#8243;]<div class=\"vc_row wpb_row vc_inner vc_row-fluid\"><div class=\"wpb_column vc_column_container vc_col-sm-4\"><div class=\"vc_column-inner\"><div class=\"wpb_wrapper\">\n\t<div  class=\"wpb_single_image wpb_content_element vc_align_left\">\n\t\t\n\t\t<figure class=\"wpb_wrapper vc_figure\">\n\t\t\t<div class=\"vc_single_image-wrapper   vc_box_border_grey\"><img fetchpriority=\"high\" decoding=\"async\" width=\"600\" height=\"400\" src=\"https:\/\/ravnoseloff.com\/wp-content\/uploads\/2021\/06\/Svetozar-Cvetkovic-ravnoeloff-ConvertImage.jpg\" class=\"vc_single_image-img attachment-full\" alt=\"\" title=\"Svetozar-Cvetkovic-ravnoeloff-ConvertImage\" srcset=\"https:\/\/ravnoseloff.com\/wp-content\/uploads\/2021\/06\/Svetozar-Cvetkovic-ravnoeloff-ConvertImage.jpg 600w, https:\/\/ravnoseloff.com\/wp-content\/uploads\/2021\/06\/Svetozar-Cvetkovic-ravnoeloff-ConvertImage-300x200.jpg 300w\" sizes=\"(max-width: 600px) 100vw, 600px\" \/><\/div>\n\t\t<\/figure>\n\t<\/div>\n\n\t<div class=\"wpb_text_column wpb_content_element\" >\n\t\t<div class=\"wpb_wrapper\">\n\t\t\t<p><strong>Svetozar Cvetkovi\u0107 (<span style=\"color: #ffde00;\"><em>President<\/em><\/span>)<br \/>\n<\/strong><span style=\"color: #ffde00;\">\/<em>Actor and Producer<\/em>\/<\/span><\/p>\n\n\t\t<\/div>\n\t<\/div>\n<div class=\"vc_empty_space\"   style=\"height: 32px\"><span class=\"vc_empty_space_inner\"><\/span><\/div><\/div><\/div><\/div><div class=\"wpb_column vc_column_container vc_col-sm-4\"><div class=\"vc_column-inner\"><div class=\"wpb_wrapper\">\n\t<div  class=\"wpb_single_image wpb_content_element vc_align_left\">\n\t\t\n\t\t<figure class=\"wpb_wrapper vc_figure\">\n\t\t\t<div class=\"vc_single_image-wrapper   vc_box_border_grey\"><img decoding=\"async\" width=\"600\" height=\"400\" data-src=\"https:\/\/ravnoseloff.com\/wp-content\/uploads\/2021\/06\/stasa-koprivica-ravnoeloff-ConvertImage.jpg\" class=\"vc_single_image-img attachment-full lazyload\" alt=\"\" title=\"stasa-koprivica-ravnoeloff-ConvertImage\" data-srcset=\"https:\/\/ravnoseloff.com\/wp-content\/uploads\/2021\/06\/stasa-koprivica-ravnoeloff-ConvertImage.jpg 600w, https:\/\/ravnoseloff.com\/wp-content\/uploads\/2021\/06\/stasa-koprivica-ravnoeloff-ConvertImage-300x200.jpg 300w\" data-sizes=\"(max-width: 600px) 100vw, 600px\" src=\"data:image\/gif;base64,R0lGODlhAQABAAAAACH5BAEKAAEALAAAAAABAAEAAAICTAEAOw==\" style=\"--smush-placeholder-width: 600px; --smush-placeholder-aspect-ratio: 600\/400;\" \/><noscript><img decoding=\"async\" width=\"600\" height=\"400\" src=\"https:\/\/ravnoseloff.com\/wp-content\/uploads\/2021\/06\/stasa-koprivica-ravnoeloff-ConvertImage.jpg\" class=\"vc_single_image-img attachment-full\" alt=\"\" title=\"stasa-koprivica-ravnoeloff-ConvertImage\" srcset=\"https:\/\/ravnoseloff.com\/wp-content\/uploads\/2021\/06\/stasa-koprivica-ravnoeloff-ConvertImage.jpg 600w, https:\/\/ravnoseloff.com\/wp-content\/uploads\/2021\/06\/stasa-koprivica-ravnoeloff-ConvertImage-300x200.jpg 300w\" sizes=\"(max-width: 600px) 100vw, 600px\" \/><\/noscript><\/div>\n\t\t<\/figure>\n\t<\/div>\n\n\t<div class=\"wpb_text_column wpb_content_element\" >\n\t\t<div class=\"wpb_wrapper\">\n\t\t\t<p><strong>Sta\u0161a Koprivica<br \/>\n<\/strong><span style=\"color: #ffde00;\">\/<em>Director and Screenwriter<\/em>\/<\/span><\/p>\n\n\t\t<\/div>\n\t<\/div>\n<div class=\"vc_empty_space\"   style=\"height: 32px\"><span class=\"vc_empty_space_inner\"><\/span><\/div><\/div><\/div><\/div><div class=\"wpb_column vc_column_container vc_col-sm-4\"><div class=\"vc_column-inner\"><div class=\"wpb_wrapper\">\n\t<div  class=\"wpb_single_image wpb_content_element vc_align_left\">\n\t\t\n\t\t<figure class=\"wpb_wrapper vc_figure\">\n\t\t\t<div class=\"vc_single_image-wrapper   vc_box_border_grey\"><img decoding=\"async\" width=\"600\" height=\"400\" data-src=\"https:\/\/ravnoseloff.com\/wp-content\/uploads\/2021\/06\/Vuk-rsumovic-ravnoeloff-ConvertImage.jpg\" class=\"vc_single_image-img attachment-full lazyload\" alt=\"\" title=\"Vuk-rsumovic-ravnoeloff-ConvertImage\" data-srcset=\"https:\/\/ravnoseloff.com\/wp-content\/uploads\/2021\/06\/Vuk-rsumovic-ravnoeloff-ConvertImage.jpg 600w, https:\/\/ravnoseloff.com\/wp-content\/uploads\/2021\/06\/Vuk-rsumovic-ravnoeloff-ConvertImage-300x200.jpg 300w\" data-sizes=\"(max-width: 600px) 100vw, 600px\" src=\"data:image\/gif;base64,R0lGODlhAQABAAAAACH5BAEKAAEALAAAAAABAAEAAAICTAEAOw==\" style=\"--smush-placeholder-width: 600px; --smush-placeholder-aspect-ratio: 600\/400;\" \/><noscript><img decoding=\"async\" width=\"600\" height=\"400\" src=\"https:\/\/ravnoseloff.com\/wp-content\/uploads\/2021\/06\/Vuk-rsumovic-ravnoeloff-ConvertImage.jpg\" class=\"vc_single_image-img attachment-full\" alt=\"\" title=\"Vuk-rsumovic-ravnoeloff-ConvertImage\" srcset=\"https:\/\/ravnoseloff.com\/wp-content\/uploads\/2021\/06\/Vuk-rsumovic-ravnoeloff-ConvertImage.jpg 600w, https:\/\/ravnoseloff.com\/wp-content\/uploads\/2021\/06\/Vuk-rsumovic-ravnoeloff-ConvertImage-300x200.jpg 300w\" sizes=\"(max-width: 600px) 100vw, 600px\" \/><\/noscript><\/div>\n\t\t<\/figure>\n\t<\/div>\n\n\t<div class=\"wpb_text_column wpb_content_element\" >\n\t\t<div class=\"wpb_wrapper\">\n\t\t\t<p><strong>Vuk R\u0161umovi\u0107<br \/>\n<\/strong><span style=\"color: #ffde00;\">\/<em>Director and Screenwriter<\/em>\/<\/span><\/p>\n\n\t\t<\/div>\n\t<\/div>\n<\/div><\/div><\/div><\/div>[pt_heading content_aling=&#8220;tac&#8220; heading_size=&#8220;h3&#8243; decor_type=&#8220;bottom-line&#8220; heading=&#8220;Audience Jury&#8220; uniqid=&#8220;6170491054c65&#8243;]<div class=\"vc_row wpb_row vc_inner vc_row-fluid\"><div class=\"wpb_column vc_column_container vc_col-sm-4\"><div class=\"vc_column-inner\"><div class=\"wpb_wrapper\">\n\t<div  class=\"wpb_single_image wpb_content_element vc_align_left\">\n\t\t\n\t\t<figure class=\"wpb_wrapper vc_figure\">\n\t\t\t<div class=\"vc_single_image-wrapper   vc_box_border_grey\"><img loading=\"lazy\" decoding=\"async\" width=\"600\" height=\"334\" data-src=\"https:\/\/ravnoseloff.com\/wp-content\/uploads\/2021\/06\/ziri-publike-ravno-selo-filmski-festival-1.jpg\" class=\"vc_single_image-img attachment-full lazyload\" alt=\"\" title=\"ziri-publike-ravno-selo-filmski-festival (1)\" data-srcset=\"https:\/\/ravnoseloff.com\/wp-content\/uploads\/2021\/06\/ziri-publike-ravno-selo-filmski-festival-1.jpg 600w, https:\/\/ravnoseloff.com\/wp-content\/uploads\/2021\/06\/ziri-publike-ravno-selo-filmski-festival-1-300x167.jpg 300w\" data-sizes=\"(max-width: 600px) 100vw, 600px\" src=\"data:image\/gif;base64,R0lGODlhAQABAAAAACH5BAEKAAEALAAAAAABAAEAAAICTAEAOw==\" style=\"--smush-placeholder-width: 600px; --smush-placeholder-aspect-ratio: 600\/334;\" \/><noscript><img loading=\"lazy\" decoding=\"async\" width=\"600\" height=\"334\" src=\"https:\/\/ravnoseloff.com\/wp-content\/uploads\/2021\/06\/ziri-publike-ravno-selo-filmski-festival-1.jpg\" class=\"vc_single_image-img attachment-full\" alt=\"\" title=\"ziri-publike-ravno-selo-filmski-festival (1)\" srcset=\"https:\/\/ravnoseloff.com\/wp-content\/uploads\/2021\/06\/ziri-publike-ravno-selo-filmski-festival-1.jpg 600w, https:\/\/ravnoseloff.com\/wp-content\/uploads\/2021\/06\/ziri-publike-ravno-selo-filmski-festival-1-300x167.jpg 300w\" sizes=\"(max-width: 600px) 100vw, 600px\" \/><\/noscript><\/div>\n\t\t<\/figure>\n\t<\/div>\n\n\t<div class=\"wpb_text_column wpb_content_element\" >\n\t\t<div class=\"wpb_wrapper\">\n\t\t\t<p><strong>Maja Mara\u0161 (<span style=\"color: #ffde00;\"><em>President<\/em><\/span>)<br \/>\n<\/strong><span style=\"color: #ffde00;\">\/president<em> of the Organizing Committee of Ravno Selo<\/em>\/<\/span><\/p>\n\n\t\t<\/div>\n\t<\/div>\n<div class=\"vc_empty_space\"   style=\"height: 32px\"><span class=\"vc_empty_space_inner\"><\/span><\/div><\/div><\/div><\/div><div class=\"wpb_column vc_column_container vc_col-sm-4\"><div class=\"vc_column-inner\"><div class=\"wpb_wrapper\">\n\t<div  class=\"wpb_single_image wpb_content_element vc_align_left\">\n\t\t\n\t\t<figure class=\"wpb_wrapper vc_figure\">\n\t\t\t<div class=\"vc_single_image-wrapper   vc_box_border_grey\"><img loading=\"lazy\" decoding=\"async\" width=\"600\" height=\"334\" data-src=\"https:\/\/ravnoseloff.com\/wp-content\/uploads\/2021\/06\/ziri-publike-ravno-selo-filmski-festival-2.jpg\" class=\"vc_single_image-img attachment-full lazyload\" alt=\"\" title=\"ziri-publike-ravno-selo-filmski-festival (2)\" data-srcset=\"https:\/\/ravnoseloff.com\/wp-content\/uploads\/2021\/06\/ziri-publike-ravno-selo-filmski-festival-2.jpg 600w, https:\/\/ravnoseloff.com\/wp-content\/uploads\/2021\/06\/ziri-publike-ravno-selo-filmski-festival-2-300x167.jpg 300w\" data-sizes=\"(max-width: 600px) 100vw, 600px\" src=\"data:image\/gif;base64,R0lGODlhAQABAAAAACH5BAEKAAEALAAAAAABAAEAAAICTAEAOw==\" style=\"--smush-placeholder-width: 600px; --smush-placeholder-aspect-ratio: 600\/334;\" \/><noscript><img loading=\"lazy\" decoding=\"async\" width=\"600\" height=\"334\" src=\"https:\/\/ravnoseloff.com\/wp-content\/uploads\/2021\/06\/ziri-publike-ravno-selo-filmski-festival-2.jpg\" class=\"vc_single_image-img attachment-full\" alt=\"\" title=\"ziri-publike-ravno-selo-filmski-festival (2)\" srcset=\"https:\/\/ravnoseloff.com\/wp-content\/uploads\/2021\/06\/ziri-publike-ravno-selo-filmski-festival-2.jpg 600w, https:\/\/ravnoseloff.com\/wp-content\/uploads\/2021\/06\/ziri-publike-ravno-selo-filmski-festival-2-300x167.jpg 300w\" sizes=\"(max-width: 600px) 100vw, 600px\" \/><\/noscript><\/div>\n\t\t<\/figure>\n\t<\/div>\n\n\t<div class=\"wpb_text_column wpb_content_element\" >\n\t\t<div class=\"wpb_wrapper\">\n\t\t\t<p><strong>Tijana Aleksi\u0107<br \/>\n<\/strong><span style=\"color: #ffde00;\">\/<em>Deputy Mayor of Vrbas Municipality<\/em>\/<\/span><\/p>\n\n\t\t<\/div>\n\t<\/div>\n<div class=\"vc_empty_space\"   style=\"height: 32px\"><span class=\"vc_empty_space_inner\"><\/span><\/div><\/div><\/div><\/div><div class=\"wpb_column vc_column_container vc_col-sm-4\"><div class=\"vc_column-inner\"><div class=\"wpb_wrapper\">\n\t<div  class=\"wpb_single_image wpb_content_element vc_align_left\">\n\t\t\n\t\t<figure class=\"wpb_wrapper vc_figure\">\n\t\t\t<div class=\"vc_single_image-wrapper   vc_box_border_grey\"><img loading=\"lazy\" decoding=\"async\" width=\"600\" height=\"334\" data-src=\"https:\/\/ravnoseloff.com\/wp-content\/uploads\/2021\/06\/ziri-publike-ravno-selo-filmski-festival-3.jpg\" class=\"vc_single_image-img attachment-full lazyload\" alt=\"\" title=\"ziri-publike-ravno-selo-filmski-festival (3)\" data-srcset=\"https:\/\/ravnoseloff.com\/wp-content\/uploads\/2021\/06\/ziri-publike-ravno-selo-filmski-festival-3.jpg 600w, https:\/\/ravnoseloff.com\/wp-content\/uploads\/2021\/06\/ziri-publike-ravno-selo-filmski-festival-3-300x167.jpg 300w\" data-sizes=\"(max-width: 600px) 100vw, 600px\" src=\"data:image\/gif;base64,R0lGODlhAQABAAAAACH5BAEKAAEALAAAAAABAAEAAAICTAEAOw==\" style=\"--smush-placeholder-width: 600px; --smush-placeholder-aspect-ratio: 600\/334;\" \/><noscript><img loading=\"lazy\" decoding=\"async\" width=\"600\" height=\"334\" src=\"https:\/\/ravnoseloff.com\/wp-content\/uploads\/2021\/06\/ziri-publike-ravno-selo-filmski-festival-3.jpg\" class=\"vc_single_image-img attachment-full\" alt=\"\" title=\"ziri-publike-ravno-selo-filmski-festival (3)\" srcset=\"https:\/\/ravnoseloff.com\/wp-content\/uploads\/2021\/06\/ziri-publike-ravno-selo-filmski-festival-3.jpg 600w, https:\/\/ravnoseloff.com\/wp-content\/uploads\/2021\/06\/ziri-publike-ravno-selo-filmski-festival-3-300x167.jpg 300w\" sizes=\"(max-width: 600px) 100vw, 600px\" \/><\/noscript><\/div>\n\t\t<\/figure>\n\t<\/div>\n\n\t<div class=\"wpb_text_column wpb_content_element\" >\n\t\t<div class=\"wpb_wrapper\">\n\t\t\t<p><strong>Marija Bognar<br \/>\n<\/strong><span style=\"color: #ffde00;\">\/<em>Librarian<\/em>\/<\/span><\/p>\n\n\t\t<\/div>\n\t<\/div>\n<\/div><\/div><\/div><\/div><div class=\"vc_row wpb_row vc_inner vc_row-fluid\"><div class=\"wpb_column vc_column_container vc_col-sm-6 vc_hidden-sm vc_hidden-xs\"><div class=\"vc_column-inner\"><div class=\"wpb_wrapper\">[pt_heading content_aling=&#8220;tac&#8220; heading_size=&#8220;h3&#8243; decor_type=&#8220;bottom-line&#8220; heading=&#8220;President of the one-member jury &#8211;<br \/>\nDocumentary program of short 100 minutes&#8220;]<\/div><\/div><\/div><div class=\"wpb_column vc_column_container vc_col-sm-6 vc_hidden-sm vc_hidden-xs\"><div class=\"vc_column-inner\"><div class=\"wpb_wrapper\">[pt_heading content_aling=&#8220;tac&#8220; heading_size=&#8220;h3&#8243; decor_type=&#8220;bottom-line&#8220; heading=&#8220;President of the one-member selection jury &#8211;<br \/>\nStudent film&#8220;]<\/div><\/div><\/div><\/div><div class=\"vc_row wpb_row vc_inner vc_row-fluid\"><div class=\"wpb_column vc_column_container vc_col-sm-12 vc_hidden-lg vc_hidden-md\"><div class=\"vc_column-inner\"><div class=\"wpb_wrapper\">[pt_heading content_aling=&#8220;tac&#8220; heading_size=&#8220;h3&#8243; decor_type=&#8220;bottom-line&#8220; heading=&#8220;President of the one-member jury &#8211;<br \/>\nDocumentary program of short 100 minutes&#8220; uniqid=&#8220;6170495461a28&#8243;]\n\t<div  class=\"wpb_single_image wpb_content_element vc_align_left\">\n\t\t\n\t\t<figure class=\"wpb_wrapper vc_figure\">\n\t\t\t<div class=\"vc_single_image-wrapper   vc_box_border_grey\"><img loading=\"lazy\" decoding=\"async\" width=\"550\" height=\"263\" data-src=\"https:\/\/ravnoseloff.com\/wp-content\/uploads\/2021\/06\/Dejan-petrovic-ConvertImage.jpg\" class=\"vc_single_image-img attachment-full lazyload\" alt=\"\" title=\"Dejan-petrovic-ConvertImage\" data-srcset=\"https:\/\/ravnoseloff.com\/wp-content\/uploads\/2021\/06\/Dejan-petrovic-ConvertImage.jpg 550w, https:\/\/ravnoseloff.com\/wp-content\/uploads\/2021\/06\/Dejan-petrovic-ConvertImage-300x143.jpg 300w\" data-sizes=\"(max-width: 550px) 100vw, 550px\" src=\"data:image\/gif;base64,R0lGODlhAQABAAAAACH5BAEKAAEALAAAAAABAAEAAAICTAEAOw==\" style=\"--smush-placeholder-width: 550px; --smush-placeholder-aspect-ratio: 550\/263;\" \/><noscript><img loading=\"lazy\" decoding=\"async\" width=\"550\" height=\"263\" data-src=\"https:\/\/ravnoseloff.com\/wp-content\/uploads\/2021\/06\/Dejan-petrovic-ConvertImage.jpg\" class=\"vc_single_image-img attachment-full lazyload\" alt=\"\" title=\"Dejan-petrovic-ConvertImage\" data-srcset=\"https:\/\/ravnoseloff.com\/wp-content\/uploads\/2021\/06\/Dejan-petrovic-ConvertImage.jpg 550w, https:\/\/ravnoseloff.com\/wp-content\/uploads\/2021\/06\/Dejan-petrovic-ConvertImage-300x143.jpg 300w\" data-sizes=\"(max-width: 550px) 100vw, 550px\" src=\"data:image\/gif;base64,R0lGODlhAQABAAAAACH5BAEKAAEALAAAAAABAAEAAAICTAEAOw==\" style=\"--smush-placeholder-width: 550px; --smush-placeholder-aspect-ratio: 550\/263;\" \/><noscript><img loading=\"lazy\" decoding=\"async\" width=\"550\" height=\"263\" src=\"https:\/\/ravnoseloff.com\/wp-content\/uploads\/2021\/06\/Dejan-petrovic-ConvertImage.jpg\" class=\"vc_single_image-img attachment-full\" alt=\"\" title=\"Dejan-petrovic-ConvertImage\" srcset=\"https:\/\/ravnoseloff.com\/wp-content\/uploads\/2021\/06\/Dejan-petrovic-ConvertImage.jpg 550w, https:\/\/ravnoseloff.com\/wp-content\/uploads\/2021\/06\/Dejan-petrovic-ConvertImage-300x143.jpg 300w\" sizes=\"(max-width: 550px) 100vw, 550px\" \/><\/noscript><\/noscript><\/div>\n\t\t<\/figure>\n\t<\/div>\n\n\t<div class=\"wpb_text_column wpb_content_element\" >\n\t\t<div class=\"wpb_wrapper\">\n\t\t\t<p><strong>Dejan Petrovi\u0107<br \/>\n<\/strong><span style=\"color: #ffde00;\">\/<em>Director and Producer<\/em>\/<\/span><\/p>\n\n\t\t<\/div>\n\t<\/div>\n[pt_heading content_aling=&#8220;tac&#8220; heading_size=&#8220;h3&#8243; decor_type=&#8220;bottom-line&#8220; heading=&#8220;President of the one-member selection jury &#8211;<br \/>\nStudent film&#8220; uniqid=&#8220;61704975d780c&#8220;]\n\t<div  class=\"wpb_single_image wpb_content_element vc_align_left\">\n\t\t\n\t\t<figure class=\"wpb_wrapper vc_figure\">\n\t\t\t<div class=\"vc_single_image-wrapper   vc_box_border_grey\"><img loading=\"lazy\" decoding=\"async\" width=\"550\" height=\"263\" data-src=\"https:\/\/ravnoseloff.com\/wp-content\/uploads\/2021\/06\/Nevena-Matovic-ConvertImage.jpg\" class=\"vc_single_image-img attachment-full lazyload\" alt=\"\" title=\"Nevena-Matovic-ConvertImage\" data-srcset=\"https:\/\/ravnoseloff.com\/wp-content\/uploads\/2021\/06\/Nevena-Matovic-ConvertImage.jpg 550w, https:\/\/ravnoseloff.com\/wp-content\/uploads\/2021\/06\/Nevena-Matovic-ConvertImage-300x143.jpg 300w\" data-sizes=\"(max-width: 550px) 100vw, 550px\" src=\"data:image\/gif;base64,R0lGODlhAQABAAAAACH5BAEKAAEALAAAAAABAAEAAAICTAEAOw==\" style=\"--smush-placeholder-width: 550px; --smush-placeholder-aspect-ratio: 550\/263;\" \/><noscript><img loading=\"lazy\" decoding=\"async\" width=\"550\" height=\"263\" data-src=\"https:\/\/ravnoseloff.com\/wp-content\/uploads\/2021\/06\/Nevena-Matovic-ConvertImage.jpg\" class=\"vc_single_image-img attachment-full lazyload\" alt=\"\" title=\"Nevena-Matovic-ConvertImage\" data-srcset=\"https:\/\/ravnoseloff.com\/wp-content\/uploads\/2021\/06\/Nevena-Matovic-ConvertImage.jpg 550w, https:\/\/ravnoseloff.com\/wp-content\/uploads\/2021\/06\/Nevena-Matovic-ConvertImage-300x143.jpg 300w\" data-sizes=\"(max-width: 550px) 100vw, 550px\" src=\"data:image\/gif;base64,R0lGODlhAQABAAAAACH5BAEKAAEALAAAAAABAAEAAAICTAEAOw==\" style=\"--smush-placeholder-width: 550px; --smush-placeholder-aspect-ratio: 550\/263;\" \/><noscript><img loading=\"lazy\" decoding=\"async\" width=\"550\" height=\"263\" src=\"https:\/\/ravnoseloff.com\/wp-content\/uploads\/2021\/06\/Nevena-Matovic-ConvertImage.jpg\" class=\"vc_single_image-img attachment-full\" alt=\"\" title=\"Nevena-Matovic-ConvertImage\" srcset=\"https:\/\/ravnoseloff.com\/wp-content\/uploads\/2021\/06\/Nevena-Matovic-ConvertImage.jpg 550w, https:\/\/ravnoseloff.com\/wp-content\/uploads\/2021\/06\/Nevena-Matovic-ConvertImage-300x143.jpg 300w\" sizes=\"(max-width: 550px) 100vw, 550px\" \/><\/noscript><\/noscript><\/div>\n\t\t<\/figure>\n\t<\/div>\n\n\t<div class=\"wpb_text_column wpb_content_element\" >\n\t\t<div class=\"wpb_wrapper\">\n\t\t\t<p><strong>Nevena Matovi\u0107<br \/>\n<\/strong><span style=\"color: #ffde00;\">\/<em>Journalist<\/em>\/<\/span><\/p>\n\n\t\t<\/div>\n\t<\/div>\n<\/div><\/div><\/div><\/div><div class=\"vc_row wpb_row vc_inner vc_row-fluid\"><div class=\"wpb_column vc_column_container vc_col-sm-6 vc_hidden-sm vc_hidden-xs\"><div class=\"vc_column-inner\"><div class=\"wpb_wrapper\">\n\t<div  class=\"wpb_single_image wpb_content_element vc_align_left\">\n\t\t\n\t\t<figure class=\"wpb_wrapper vc_figure\">\n\t\t\t<div class=\"vc_single_image-wrapper   vc_box_border_grey\"><img loading=\"lazy\" decoding=\"async\" width=\"550\" height=\"263\" data-src=\"https:\/\/ravnoseloff.com\/wp-content\/uploads\/2021\/06\/Dejan-petrovic-ConvertImage.jpg\" class=\"vc_single_image-img attachment-full lazyload\" alt=\"\" title=\"Dejan-petrovic-ConvertImage\" data-srcset=\"https:\/\/ravnoseloff.com\/wp-content\/uploads\/2021\/06\/Dejan-petrovic-ConvertImage.jpg 550w, https:\/\/ravnoseloff.com\/wp-content\/uploads\/2021\/06\/Dejan-petrovic-ConvertImage-300x143.jpg 300w\" data-sizes=\"(max-width: 550px) 100vw, 550px\" src=\"data:image\/gif;base64,R0lGODlhAQABAAAAACH5BAEKAAEALAAAAAABAAEAAAICTAEAOw==\" style=\"--smush-placeholder-width: 550px; --smush-placeholder-aspect-ratio: 550\/263;\" \/><noscript><img loading=\"lazy\" decoding=\"async\" width=\"550\" height=\"263\" data-src=\"https:\/\/ravnoseloff.com\/wp-content\/uploads\/2021\/06\/Dejan-petrovic-ConvertImage.jpg\" class=\"vc_single_image-img attachment-full lazyload\" alt=\"\" title=\"Dejan-petrovic-ConvertImage\" data-srcset=\"https:\/\/ravnoseloff.com\/wp-content\/uploads\/2021\/06\/Dejan-petrovic-ConvertImage.jpg 550w, https:\/\/ravnoseloff.com\/wp-content\/uploads\/2021\/06\/Dejan-petrovic-ConvertImage-300x143.jpg 300w\" data-sizes=\"(max-width: 550px) 100vw, 550px\" src=\"data:image\/gif;base64,R0lGODlhAQABAAAAACH5BAEKAAEALAAAAAABAAEAAAICTAEAOw==\" style=\"--smush-placeholder-width: 550px; --smush-placeholder-aspect-ratio: 550\/263;\" \/><noscript><img loading=\"lazy\" decoding=\"async\" width=\"550\" height=\"263\" src=\"https:\/\/ravnoseloff.com\/wp-content\/uploads\/2021\/06\/Dejan-petrovic-ConvertImage.jpg\" class=\"vc_single_image-img attachment-full\" alt=\"\" title=\"Dejan-petrovic-ConvertImage\" srcset=\"https:\/\/ravnoseloff.com\/wp-content\/uploads\/2021\/06\/Dejan-petrovic-ConvertImage.jpg 550w, https:\/\/ravnoseloff.com\/wp-content\/uploads\/2021\/06\/Dejan-petrovic-ConvertImage-300x143.jpg 300w\" sizes=\"(max-width: 550px) 100vw, 550px\" \/><\/noscript><\/noscript><\/div>\n\t\t<\/figure>\n\t<\/div>\n\n\t<div class=\"wpb_text_column wpb_content_element\" >\n\t\t<div class=\"wpb_wrapper\">\n\t\t\t<p><strong>Dejan Petrovi\u0107<br \/>\n<\/strong><span style=\"color: #ffde00;\">\/<em>Director and Producer<\/em>\/<\/span><\/p>\n\n\t\t<\/div>\n\t<\/div>\n<div class=\"vc_empty_space\"   style=\"height: 32px\"><span class=\"vc_empty_space_inner\"><\/span><\/div><\/div><\/div><\/div><div class=\"wpb_column vc_column_container vc_col-sm-6 vc_hidden-sm vc_hidden-xs\"><div class=\"vc_column-inner\"><div class=\"wpb_wrapper\">\n\t<div  class=\"wpb_single_image wpb_content_element vc_align_left\">\n\t\t\n\t\t<figure class=\"wpb_wrapper vc_figure\">\n\t\t\t<div class=\"vc_single_image-wrapper   vc_box_border_grey\"><img loading=\"lazy\" decoding=\"async\" width=\"550\" height=\"263\" data-src=\"https:\/\/ravnoseloff.com\/wp-content\/uploads\/2021\/06\/Nevena-Matovic-ConvertImage.jpg\" class=\"vc_single_image-img attachment-full lazyload\" alt=\"\" title=\"Nevena-Matovic-ConvertImage\" data-srcset=\"https:\/\/ravnoseloff.com\/wp-content\/uploads\/2021\/06\/Nevena-Matovic-ConvertImage.jpg 550w, https:\/\/ravnoseloff.com\/wp-content\/uploads\/2021\/06\/Nevena-Matovic-ConvertImage-300x143.jpg 300w\" data-sizes=\"(max-width: 550px) 100vw, 550px\" src=\"data:image\/gif;base64,R0lGODlhAQABAAAAACH5BAEKAAEALAAAAAABAAEAAAICTAEAOw==\" style=\"--smush-placeholder-width: 550px; --smush-placeholder-aspect-ratio: 550\/263;\" \/><noscript><img loading=\"lazy\" decoding=\"async\" width=\"550\" height=\"263\" data-src=\"https:\/\/ravnoseloff.com\/wp-content\/uploads\/2021\/06\/Nevena-Matovic-ConvertImage.jpg\" class=\"vc_single_image-img attachment-full lazyload\" alt=\"\" title=\"Nevena-Matovic-ConvertImage\" data-srcset=\"https:\/\/ravnoseloff.com\/wp-content\/uploads\/2021\/06\/Nevena-Matovic-ConvertImage.jpg 550w, https:\/\/ravnoseloff.com\/wp-content\/uploads\/2021\/06\/Nevena-Matovic-ConvertImage-300x143.jpg 300w\" data-sizes=\"(max-width: 550px) 100vw, 550px\" src=\"data:image\/gif;base64,R0lGODlhAQABAAAAACH5BAEKAAEALAAAAAABAAEAAAICTAEAOw==\" style=\"--smush-placeholder-width: 550px; --smush-placeholder-aspect-ratio: 550\/263;\" \/><noscript><img loading=\"lazy\" decoding=\"async\" width=\"550\" height=\"263\" src=\"https:\/\/ravnoseloff.com\/wp-content\/uploads\/2021\/06\/Nevena-Matovic-ConvertImage.jpg\" class=\"vc_single_image-img attachment-full\" alt=\"\" title=\"Nevena-Matovic-ConvertImage\" srcset=\"https:\/\/ravnoseloff.com\/wp-content\/uploads\/2021\/06\/Nevena-Matovic-ConvertImage.jpg 550w, https:\/\/ravnoseloff.com\/wp-content\/uploads\/2021\/06\/Nevena-Matovic-ConvertImage-300x143.jpg 300w\" sizes=\"(max-width: 550px) 100vw, 550px\" \/><\/noscript><\/noscript><\/div>\n\t\t<\/figure>\n\t<\/div>\n\n\t<div class=\"wpb_text_column wpb_content_element\" >\n\t\t<div class=\"wpb_wrapper\">\n\t\t\t<p><strong>Nevena Matovi\u0107<br \/>\n<\/strong><span style=\"color: #ffde00;\">\/<em>Journalist<\/em>\/<\/span><\/p>\n\n\t\t<\/div>\n\t<\/div>\n<div class=\"vc_empty_space\"   style=\"height: 32px\"><span class=\"vc_empty_space_inner\"><\/span><\/div><\/div><\/div><\/div><\/div><div class=\"vc_empty_space\"   style=\"height: 32px\"><span class=\"vc_empty_space_inner\"><\/span><\/div><\/div><\/div><\/div><\/div><div data-vc-full-width=\"true\" data-vc-full-width-init=\"false\" class=\"vc_row wpb_row vc_row-fluid\"><div class=\"wpb_column vc_column_container vc_col-sm-12\"><div class=\"vc_column-inner\"><div class=\"wpb_wrapper\"><div class=\"vc_empty_space\"   style=\"height: 45px\"><span class=\"vc_empty_space_inner\"><\/span><\/div>[pt_heading content_aling=&#8220;tac&#8220; heading_size=&#8220;h3&#8243; decor_type=&#8220;bottom-line&#8220; uniqid=&#8220;5d9545763395a&#8220; sub_heading=&#8220;About&#8220; heading=&#8220;Ravno Selo&#8220;]<div class=\"vc_empty_space\"   style=\"height: 45px\"><span class=\"vc_empty_space_inner\"><\/span><\/div><div class=\"vc_row wpb_row vc_inner vc_row-fluid\"><div class=\"wpb_column vc_column_container vc_col-sm-12\"><div class=\"vc_column-inner\"><div class=\"wpb_wrapper\">\n\t<div class=\"wpb_text_column wpb_content_element\" >\n\t\t<div class=\"wpb_wrapper\">\n\t\t\t<p>Ravno Selo is a typical village in the Ba\u010dka region; it is the furthest village from the municipal center of Vrbas, although it is well connected to the western parts of Ba\u010dka, and the Republic of Croatia. It is situated between Kulpin and Zmajevo, or as the editor of the Ba\u010dka County monograph, Samu Borovski, would say, &#8222;Stare \u0160ove (which was the name of the village until 1946), sits in the Novi Sad region, between Kulpin and Stari Ker (Zmajevo). According to legend, the village was founded in the 15th century and the first recorded documents about the settlement date from 1484 and 1502.<\/p>\n<p>Egeri\u0161 Ide\u010dkij, a Hungarian nobleman, was one of the area&#8217;s proprietors, and the river Jegri\u010dka, which runs through the village, was named after him.<\/p>\n\n\t\t<\/div>\n\t<\/div>\n[pt_button align=&#8220;center&#8220; link=&#8220;url:http%3A%2F%2Fravnoseloff.com%2Fravno-selo|title:Find%20out%20more||&#8220; uniqid=&#8220;617049cf6bf1e&#8220;]<\/div><\/div><\/div><\/div><div class=\"vc_empty_space\"   style=\"height: 32px\"><span class=\"vc_empty_space_inner\"><\/span><\/div><\/div><\/div><\/div><\/div><div class=\"vc_row-full-width vc_clearfix\"><\/div><div data-vc-full-width=\"true\" data-vc-full-width-init=\"false\" class=\"vc_row wpb_row vc_row-fluid vc_custom_1570048281051 vc_row-has-fill\"><div class=\"wpb_column vc_column_container vc_col-sm-12\"><div class=\"vc_column-inner\"><div class=\"wpb_wrapper\"><div class=\"vc_row wpb_row vc_inner vc_row-fluid\"><div class=\"wpb_column vc_column_container vc_col-sm-12\"><div class=\"vc_column-inner\"><div class=\"wpb_wrapper\">[pt_heading content_aling=&#8220;tac&#8220; heading_size=&#8220;h3&#8243; decor_type=&#8220;bottom-line&#8220; uniqid=&#8220;5d950899a0cd8&#8243; heading=&#8220;Sponsors and supporters&#8220; heading_hex=&#8220;#000000&#8243;]\n\t<div  class=\"wpb_single_image wpb_content_element vc_align_center\">\n\t\t\n\t\t<figure class=\"wpb_wrapper vc_figure\">\n\t\t\t<div class=\"vc_single_image-wrapper   vc_box_border_grey\"><img loading=\"lazy\" decoding=\"async\" width=\"615\" height=\"303\" data-src=\"https:\/\/ravnoseloff.com\/wp-content\/uploads\/2023\/06\/logotipi-za-sajt-2023-1.jpg\" class=\"vc_single_image-img attachment-full lazyload\" alt=\"\" title=\"logotipi-za-sajt-2023\" data-srcset=\"https:\/\/ravnoseloff.com\/wp-content\/uploads\/2023\/06\/logotipi-za-sajt-2023-1.jpg 615w, https:\/\/ravnoseloff.com\/wp-content\/uploads\/2023\/06\/logotipi-za-sajt-2023-1-300x148.jpg 300w\" data-sizes=\"(max-width: 615px) 100vw, 615px\" src=\"data:image\/gif;base64,R0lGODlhAQABAAAAACH5BAEKAAEALAAAAAABAAEAAAICTAEAOw==\" style=\"--smush-placeholder-width: 615px; --smush-placeholder-aspect-ratio: 615\/303;\" \/><noscript><img loading=\"lazy\" decoding=\"async\" width=\"615\" height=\"303\" src=\"https:\/\/ravnoseloff.com\/wp-content\/uploads\/2023\/06\/logotipi-za-sajt-2023-1.jpg\" class=\"vc_single_image-img attachment-full\" alt=\"\" title=\"logotipi-za-sajt-2023\" srcset=\"https:\/\/ravnoseloff.com\/wp-content\/uploads\/2023\/06\/logotipi-za-sajt-2023-1.jpg 615w, https:\/\/ravnoseloff.com\/wp-content\/uploads\/2023\/06\/logotipi-za-sajt-2023-1-300x148.jpg 300w\" sizes=\"(max-width: 615px) 100vw, 615px\" \/><\/noscript><\/div>\n\t\t<\/figure>\n\t<\/div>\n<div class=\"vc_empty_space\"   style=\"height: 32px\"><span class=\"vc_empty_space_inner\"><\/span><\/div><\/div><\/div><\/div><\/div><\/div><\/div><\/div><\/div><div class=\"vc_row-full-width vc_clearfix\"><\/div><div class=\"vc_row wpb_row vc_row-fluid\"><div class=\"wpb_column vc_column_container vc_col-sm-12\"><div class=\"vc_column-inner\"><div class=\"wpb_wrapper\">[pt_heading content_aling=&#8220;tac&#8220; heading_size=&#8220;h3&#8243; decor_type=&#8220;bottom-line&#8220; uniqid=&#8220;5d95055958696&#8243; heading=&#8220;Special thanks&#8220;]\n\t<div class=\"wpb_text_column wpb_content_element\" >\n\t\t<div class=\"wpb_wrapper\">\n\t\t\t<p style=\"text-align: center;\">Ministry of Culture of the Republic of Serbia<br \/>\nGovernment of the Autonomous Province of Vojvodina<br \/>\nSecretariat for Culture of the Autonomous Province of Vojvodina<br \/>\nMunicipality of Vrbas<br \/>\nRTV Vojvodina<br \/>\nVrbas Cultural Center<br \/>\nto the Center for Physical Culture Vrbas<br \/>\nElementary school Branko Radi\u010devi\u0107 from Ravni Selo<br \/>\nPUK Komunalac<br \/>\nAn active woman from Ravni Selo<br \/>\nKUD &#8222;SHOVE&#8220; Ravno Selo<br \/>\nKUD &#8222;LOGOVAC&#8220; Despotovo<br \/>\nKUD &#8222;BEJARAC&#8220; Novi Becej<br \/>\nKindergarten &#8222;RAINBOW&#8220;<br \/>\nCHOIR &#8222;BACKI PEVA\u010cI&#8220;;<br \/>\nFolk ensemble of KC Vrbas<br \/>\nto all Ravnoselci, all youth and artists.<\/p>\n\n\t\t<\/div>\n\t<\/div>\n<div class=\"vc_empty_space\"   style=\"height: 32px\"><span class=\"vc_empty_space_inner\"><\/span><\/div><\/div><\/div><\/div><\/div><div data-vc-full-width=\"true\" data-vc-full-width-init=\"false\" class=\"vc_row wpb_row vc_row-fluid vc_custom_1570048281051 vc_row-has-fill\"><div class=\"wpb_column vc_column_container vc_col-sm-12\"><div class=\"vc_column-inner\"><div class=\"wpb_wrapper\">[pt_heading content_aling=&#8220;tac&#8220; heading_size=&#8220;h3&#8243; decor_type=&#8220;bottom-line&#8220; uniqid=&#8220;5d9509bebf49c&#8220; heading=&#8220;Festival team&#8220; heading_hex=&#8220;#000000&#8243;]<div class=\"vc_row wpb_row vc_inner vc_row-fluid\"><div class=\"wpb_column vc_column_container vc_col-sm-6\"><div class=\"vc_column-inner\"><div class=\"wpb_wrapper\">\n\t<div class=\"wpb_text_column wpb_content_element\" >\n\t\t<div class=\"wpb_wrapper\">\n\t\t\t<p><span style=\"font-size: 18px;\"><span style=\"color: #000000;\"><span style=\"color: #ffde00;\">Founder and Festival Director<\/span> | Lazar Ristovski<br \/>\n<span style=\"color: #ffde00;\">Art director<\/span> | Marko \u010ckonjevi\u0107<br \/>\n<span style=\"color: #ffde00;\">Executive producer<\/span> | Iva \u010coli\u0107 i Aleksandra Mitri\u0107 \u0160tifani\u0107<br \/>\n<span style=\"color: #ffde00;\">Guest selector main program<\/span> | Dragan Jeli\u010di\u0107<br \/>\n<span style=\"color: #ffde00;\">Guest selector documentary program<\/span> | Igor Toholj<br \/>\n<span style=\"color: #ffde00;\">Technical Director<\/span> | Jovan Ristovski<br \/>\n<span style=\"color: #ffde00;\">Editor<\/span> | Mi\u0161o \u017ddinjak<br \/>\n<span style=\"color: #ffde00;\">Film workshop Mentor<\/span> | Lora \u0110urovi\u0107<br \/>\n<span style=\"color: #ffde00;\">Designer<\/span> | Jelena Mrki\u0107<\/span><\/span><\/p>\n\n\t\t<\/div>\n\t<\/div>\n<\/div><\/div><\/div><div class=\"wpb_column vc_column_container vc_col-sm-6\"><div class=\"vc_column-inner\"><div class=\"wpb_wrapper\">\n\t<div class=\"wpb_text_column wpb_content_element\" >\n\t\t<div class=\"wpb_wrapper\">\n\t\t\t<p><span style=\"font-size: 18px;\"><span style=\"color: #ffde00;\">Technical and program logistics<\/span> <span style=\"color: #000000;\">| Petar Mad\u017ei\u0107 I Bratislav Radovanovi\u0107<\/span><\/span><br \/>\n<span style=\"font-size: 18px;\"><span style=\"color: #ffde00;\">Sound design<\/span> <span style=\"color: #000000;\">| Sreten Kova\u010devi\u0107<\/span><\/span><br \/>\n<span style=\"font-size: 18px;\"><span style=\"color: #ffde00;\">PR and socal networks<\/span> <span style=\"color: #000000;\">| ProPR (Jasmina Krsti\u0107-Latinovi\u0107, Ana Dimitrijevi\u0107 i Cvijeta Radovi\u0107)<\/span><\/span><br \/>\n<span style=\"font-size: 18px;\"><span style=\"color: #ffde00;\">Prizes and plaques<\/span> <span style=\"color: #000000;\">| Petar \u0110uri\u0107<\/span><\/span><br \/>\n<span style=\"font-size: 18px;\"><span style=\"color: #ffde00;\">Festival hosts<\/span> <span style=\"color: #000000;\">| Aleksandar Teofanov, Bogdan Kr\u010dmar, Miljan Mara\u0161,Tijana Aleksi\u0107 i Sanja \u017digi\u0107<\/span><\/span><br \/>\n<span style=\"font-size: 18px;\"><span style=\"color: #ffde00;\">Organizing Committee of RS<\/span> <span style=\"color: #000000;\">| Vuk Jevtovi\u0107, Neboj\u0161a De\u0161i\u0107, Bojana Puziga\u0107a,Valentina Mari\u0107, Marija Zlatovi\u0107<\/span><\/span><br \/>\n<span style=\"font-size: 18px;\"><span style=\"color: #ffde00;\">Finance director<\/span> <span style=\"color: #000000;\">| Jelica Rosandi\u0107<\/span><\/span><\/p>\n\n\t\t<\/div>\n\t<\/div>\n<\/div><\/div><\/div><\/div><div class=\"vc_empty_space\"   style=\"height: 32px\"><span class=\"vc_empty_space_inner\"><\/span><\/div><\/div><\/div><\/div><\/div><div class=\"vc_row-full-width vc_clearfix\"><\/div><div class=\"vc_row wpb_row vc_row-fluid\"><div class=\"wpb_column vc_column_container vc_col-sm-12\"><div class=\"vc_column-inner\"><div class=\"wpb_wrapper\">[pt_heading content_aling=&#8220;tac&#8220; heading_size=&#8220;h3&#8243; decor_type=&#8220;bottom-line&#8220; uniqid=&#8220;5d9505c3caa61&#8243; heading=&#8220;Festival news&#8220;][pt_blog count_items=&#8220;3&#8243; orderby=&#8220;date&#8220; order=&#8220;DESC&#8220; source=&#8220;categories&#8220; categories=&#8220;74&#8243; uniqid=&#8220;5d9505d73c2b4&#8243;]<\/div><\/div><\/div><\/div><div data-vc-full-width=\"true\" data-vc-full-width-init=\"false\" data-vc-stretch-content=\"true\" class=\"vc_row wpb_row vc_row-fluid\"><div class=\"wpb_column vc_column_container vc_col-sm-12\"><div class=\"vc_column-inner\"><div class=\"wpb_wrapper\">\n\t<div class=\"wpb_text_column wpb_content_element\" >\n\t\t<div class=\"wpb_wrapper\">\n\t\t\t<div id=\"map-multi-marker-2\" class=\"map-multi-marker\" style=\"height: 500px; width: 100%\"><\/div>\n\n\t\t<\/div>\n\t<\/div>\n<\/div><\/div><\/div><\/div><div class=\"vc_row-full-width vc_clearfix\"><\/div>\n<\/div>","protected":false},"excerpt":{"rendered":"[pt_banner background_parallax=\"on\" background_parallax_speed=\"0.7\" background_video_controls=\"\" bg_overlay=\"\" background_video_playing_on=\"click-in-popup\" heading_size=\"h1\" mouse_on_bottom=\"off\" social_links_align=\"right\" social_type1=\"facebook\" social_type2=\"instagram\" background_image=\"2006\" link=\"|||\" social_link1=\"url:https%3A%2F%2Fwww.facebook.com%2Fravnoselofilmfestival%2F||target:%20_blank|\" social_link2=\"url:https%3A%2F%2Fwww.instagram.com%2Fp%2FBzddwiHpoYV%2F||target:%20_blank|\" social_links_color=\"#eeee22\" social_link3=\"|||\" uniqid=\"60da5f55b9066\" video_url=\"https:\/\/youtu.be\/TkQDPjDZmdY\"][\/pt_banner][pt_banner background_parallax=\"on\" background_parallax_speed=\"0.7\" content_aling=\"tac\" heading_size=\"h1\" social_links_align=\"right\" social_type1=\"facebook\" social_type2=\"instagram\" uniqid=\"5cc7db9895991\" background_image=\"2008\" link=\"|||\" social_link1=\"url:https%3A%2F%2Fwww.facebook.com%2Fravnoselofilmfestival%2F||target:%20_blank|\" social_link2=\"url:https%3A%2F%2Fwww.instagram.com%2Fp%2FBzddwiHpoYV%2F||target:%20_blank|\" social_links_color=\"#eeee22\" social_link3=\"|||\"][\/pt_banner][pt_banner background_parallax=\"on\" background_parallax_speed=\"0.7\" heading_size=\"h1\" social_links_align=\"right\" social_type1=\"facebook\" social_type2=\"instagram\" uniqid=\"60b5f2bdadbb7\" background_image=\"2007\" link=\"|||\" social_link1=\"url:https%3A%2F%2Fwww.facebook.com%2Fravnoselofilmfestival%2F||target:%20_blank|\" social_link2=\"url:https%3A%2F%2Fwww.instagram.com%2Fp%2FBzddwiHpoYV%2F||target:%20_blank|\" social_links_color=\"#eeee22\" social_link3=\"|||\"][\/pt_banner][pt_portfolio count_items=\"6\" type=\"carousel\" carousel_style=\"style2\" carousel_cols=\"xs:1,sm:2,md:3,lg:4,xl:5,\" css_animation=\"none\" slider_counter=\"off\" source=\"categories\" categories=\"83\" uniqid=\"5cc7e07ad0450\" [...]","protected":false},"author":1,"featured_media":2007,"parent":0,"menu_order":0,"comment_status":"closed","ping_status":"closed","template":"template-landing.php","meta":{"_acf_changed":false,"footnotes":""},"class_list":["post-1793","page","type-page","status-publish","has-post-thumbnail","hentry"],"acf":[],"yoast_head":"<!-- This site is optimized with the Yoast SEO plugin v23.6 - https:\/\/yoast.com\/wordpress\/plugins\/seo\/ -->\n<title>Home - Ravno selo<\/title>\n<meta name=\"robots\" content=\"index, follow, max-snippet:-1, max-image-preview:large, max-video-preview:-1\" \/>\n<link rel=\"canonical\" href=\"https:\/\/ravnoseloff.com\/en\/home\/\" \/>\n<meta property=\"og:locale\" content=\"en_GB\" \/>\n<meta property=\"og:type\" content=\"article\" \/>\n<meta property=\"og:title\" content=\"Home - Ravno selo\" \/>\n<meta property=\"og:url\" content=\"https:\/\/ravnoseloff.com\/en\/home\/\" \/>\n<meta property=\"og:site_name\" content=\"Ravno selo\" \/>\n<meta property=\"article:modified_time\" content=\"2023-06-08T18:35:28+00:00\" \/>\n<meta property=\"og:image\" content=\"https:\/\/ravnoseloff.com\/wp-content\/uploads\/2023\/06\/Ravno-Selo-FF_1024x768_ENG.jpg\" \/>\n\t<meta property=\"og:image:width\" content=\"1024\" \/>\n\t<meta property=\"og:image:height\" content=\"768\" \/>\n\t<meta property=\"og:image:type\" content=\"image\/jpeg\" \/>\n<meta name=\"twitter:card\" content=\"summary_large_image\" \/>\n<meta name=\"twitter:label1\" content=\"Estimated reading time\" \/>\n\t<meta name=\"twitter:data1\" content=\"5 minutes\" \/>\n<script type=\"application\/ld+json\" class=\"yoast-schema-graph\">{\"@context\":\"https:\/\/schema.org\",\"@graph\":[{\"@type\":\"WebPage\",\"@id\":\"https:\/\/ravnoseloff.com\/en\/home\/\",\"url\":\"https:\/\/ravnoseloff.com\/en\/home\/\",\"name\":\"Home - Ravno selo\",\"isPartOf\":{\"@id\":\"https:\/\/ravnoseloff.com\/en\/home\/#website\"},\"primaryImageOfPage\":{\"@id\":\"https:\/\/ravnoseloff.com\/en\/home\/#primaryimage\"},\"image\":{\"@id\":\"https:\/\/ravnoseloff.com\/en\/home\/#primaryimage\"},\"thumbnailUrl\":\"https:\/\/ravnoseloff.com\/wp-content\/uploads\/2023\/06\/Ravno-Selo-FF_1024x768_ENG.jpg\",\"datePublished\":\"2021-10-20T16:47:44+00:00\",\"dateModified\":\"2023-06-08T18:35:28+00:00\",\"breadcrumb\":{\"@id\":\"https:\/\/ravnoseloff.com\/en\/home\/#breadcrumb\"},\"inLanguage\":\"en-GB\",\"potentialAction\":[{\"@type\":\"ReadAction\",\"target\":[\"https:\/\/ravnoseloff.com\/en\/home\/\"]}]},{\"@type\":\"ImageObject\",\"inLanguage\":\"en-GB\",\"@id\":\"https:\/\/ravnoseloff.com\/en\/home\/#primaryimage\",\"url\":\"https:\/\/ravnoseloff.com\/wp-content\/uploads\/2023\/06\/Ravno-Selo-FF_1024x768_ENG.jpg\",\"contentUrl\":\"https:\/\/ravnoseloff.com\/wp-content\/uploads\/2023\/06\/Ravno-Selo-FF_1024x768_ENG.jpg\",\"width\":1024,\"height\":768},{\"@type\":\"BreadcrumbList\",\"@id\":\"https:\/\/ravnoseloff.com\/en\/home\/#breadcrumb\",\"itemListElement\":[{\"@type\":\"ListItem\",\"position\":1,\"name\":\"Po\u010detna\",\"item\":\"https:\/\/ravnoseloff.com\/\"},{\"@type\":\"ListItem\",\"position\":2,\"name\":\"Home\"}]},{\"@type\":\"WebSite\",\"@id\":\"https:\/\/ravnoseloff.com\/en\/home\/#website\",\"url\":\"https:\/\/ravnoseloff.com\/en\/home\/\",\"name\":\"Ravno selo filmski festival\",\"description\":\"Filmski festival\",\"publisher\":{\"@id\":\"https:\/\/ravnoseloff.com\/en\/home\/#organization\"},\"potentialAction\":[{\"@type\":\"SearchAction\",\"target\":{\"@type\":\"EntryPoint\",\"urlTemplate\":\"https:\/\/ravnoseloff.com\/en\/home\/?s={search_term_string}\"},\"query-input\":{\"@type\":\"PropertyValueSpecification\",\"valueRequired\":true,\"valueName\":\"search_term_string\"}}],\"inLanguage\":\"en-GB\"},{\"@type\":\"Organization\",\"@id\":\"https:\/\/ravnoseloff.com\/en\/home\/#organization\",\"name\":\"Ravno selo filmski festival\",\"url\":\"https:\/\/ravnoseloff.com\/en\/home\/\",\"logo\":{\"@type\":\"ImageObject\",\"inLanguage\":\"en-GB\",\"@id\":\"https:\/\/ravnoseloff.com\/en\/home\/#\/schema\/logo\/image\/\",\"url\":\"https:\/\/ravnoseloff.com\/wp-content\/uploads\/2019\/10\/logo_sr.png\",\"contentUrl\":\"https:\/\/ravnoseloff.com\/wp-content\/uploads\/2019\/10\/logo_sr.png\",\"width\":92,\"height\":47,\"caption\":\"Ravno selo filmski festival\"},\"image\":{\"@id\":\"https:\/\/ravnoseloff.com\/en\/home\/#\/schema\/logo\/image\/\"}}]}<\/script>\n<!-- \/ Yoast SEO plugin. -->","yoast_head_json":{"title":"Home - Ravno selo","robots":{"index":"index","follow":"follow","max-snippet":"max-snippet:-1","max-image-preview":"max-image-preview:large","max-video-preview":"max-video-preview:-1"},"canonical":"https:\/\/ravnoseloff.com\/en\/home\/","og_locale":"en_GB","og_type":"article","og_title":"Home - Ravno selo","og_url":"https:\/\/ravnoseloff.com\/en\/home\/","og_site_name":"Ravno selo","article_modified_time":"2023-06-08T18:35:28+00:00","og_image":[{"width":1024,"height":768,"url":"https:\/\/ravnoseloff.com\/wp-content\/uploads\/2023\/06\/Ravno-Selo-FF_1024x768_ENG.jpg","type":"image\/jpeg"}],"twitter_card":"summary_large_image","twitter_misc":{"Estimated reading time":"5 minutes"},"schema":{"@context":"https:\/\/schema.org","@graph":[{"@type":"WebPage","@id":"https:\/\/ravnoseloff.com\/en\/home\/","url":"https:\/\/ravnoseloff.com\/en\/home\/","name":"Home - Ravno selo","isPartOf":{"@id":"https:\/\/ravnoseloff.com\/en\/home\/#website"},"primaryImageOfPage":{"@id":"https:\/\/ravnoseloff.com\/en\/home\/#primaryimage"},"image":{"@id":"https:\/\/ravnoseloff.com\/en\/home\/#primaryimage"},"thumbnailUrl":"https:\/\/ravnoseloff.com\/wp-content\/uploads\/2023\/06\/Ravno-Selo-FF_1024x768_ENG.jpg","datePublished":"2021-10-20T16:47:44+00:00","dateModified":"2023-06-08T18:35:28+00:00","breadcrumb":{"@id":"https:\/\/ravnoseloff.com\/en\/home\/#breadcrumb"},"inLanguage":"en-GB","potentialAction":[{"@type":"ReadAction","target":["https:\/\/ravnoseloff.com\/en\/home\/"]}]},{"@type":"ImageObject","inLanguage":"en-GB","@id":"https:\/\/ravnoseloff.com\/en\/home\/#primaryimage","url":"https:\/\/ravnoseloff.com\/wp-content\/uploads\/2023\/06\/Ravno-Selo-FF_1024x768_ENG.jpg","contentUrl":"https:\/\/ravnoseloff.com\/wp-content\/uploads\/2023\/06\/Ravno-Selo-FF_1024x768_ENG.jpg","width":1024,"height":768},{"@type":"BreadcrumbList","@id":"https:\/\/ravnoseloff.com\/en\/home\/#breadcrumb","itemListElement":[{"@type":"ListItem","position":1,"name":"Po\u010detna","item":"https:\/\/ravnoseloff.com\/"},{"@type":"ListItem","position":2,"name":"Home"}]},{"@type":"WebSite","@id":"https:\/\/ravnoseloff.com\/en\/home\/#website","url":"https:\/\/ravnoseloff.com\/en\/home\/","name":"Ravno selo filmski festival","description":"Filmski festival","publisher":{"@id":"https:\/\/ravnoseloff.com\/en\/home\/#organization"},"potentialAction":[{"@type":"SearchAction","target":{"@type":"EntryPoint","urlTemplate":"https:\/\/ravnoseloff.com\/en\/home\/?s={search_term_string}"},"query-input":{"@type":"PropertyValueSpecification","valueRequired":true,"valueName":"search_term_string"}}],"inLanguage":"en-GB"},{"@type":"Organization","@id":"https:\/\/ravnoseloff.com\/en\/home\/#organization","name":"Ravno selo filmski festival","url":"https:\/\/ravnoseloff.com\/en\/home\/","logo":{"@type":"ImageObject","inLanguage":"en-GB","@id":"https:\/\/ravnoseloff.com\/en\/home\/#\/schema\/logo\/image\/","url":"https:\/\/ravnoseloff.com\/wp-content\/uploads\/2019\/10\/logo_sr.png","contentUrl":"https:\/\/ravnoseloff.com\/wp-content\/uploads\/2019\/10\/logo_sr.png","width":92,"height":47,"caption":"Ravno selo filmski festival"},"image":{"@id":"https:\/\/ravnoseloff.com\/en\/home\/#\/schema\/logo\/image\/"}}]}},"_links":{"self":[{"href":"https:\/\/ravnoseloff.com\/en\/wp-json\/wp\/v2\/pages\/1793"}],"collection":[{"href":"https:\/\/ravnoseloff.com\/en\/wp-json\/wp\/v2\/pages"}],"about":[{"href":"https:\/\/ravnoseloff.com\/en\/wp-json\/wp\/v2\/types\/page"}],"author":[{"embeddable":true,"href":"https:\/\/ravnoseloff.com\/en\/wp-json\/wp\/v2\/users\/1"}],"replies":[{"embeddable":true,"href":"https:\/\/ravnoseloff.com\/en\/wp-json\/wp\/v2\/comments?post=1793"}],"version-history":[{"count":16,"href":"https:\/\/ravnoseloff.com\/en\/wp-json\/wp\/v2\/pages\/1793\/revisions"}],"predecessor-version":[{"id":2025,"href":"https:\/\/ravnoseloff.com\/en\/wp-json\/wp\/v2\/pages\/1793\/revisions\/2025"}],"wp:featuredmedia":[{"embeddable":true,"href":"https:\/\/ravnoseloff.com\/en\/wp-json\/wp\/v2\/media\/2007"}],"wp:attachment":[{"href":"https:\/\/ravnoseloff.com\/en\/wp-json\/wp\/v2\/media?parent=1793"}],"curies":[{"name":"wp","href":"https:\/\/api.w.org\/{rel}","templated":true}]}}